{"id":3121,"date":"2022-02-09T10:58:04","date_gmt":"2022-02-09T08:58:04","guid":{"rendered":"https:\/\/caravel.gr\/profilo\/"},"modified":"2026-03-24T17:53:36","modified_gmt":"2026-03-24T15:53:36","slug":"profilo","status":"publish","type":"page","link":"https:\/\/caravel.gr\/it\/profilo\/","title":{"rendered":"Profilo"},"content":{"rendered":"\t\t<div data-elementor-type=\"wp-page\" data-elementor-id=\"3121\" class=\"elementor elementor-3121 elementor-197\" data-elementor-post-type=\"page\">\n\t\t\t\t\t\t<section class=\"elementor-section elementor-top-section elementor-element elementor-element-4a0e6ba elementor-section-content-middle elementor-section-stretched elementor-section-boxed elementor-section-height-default elementor-section-height-default\" data-id=\"4a0e6ba\" data-element_type=\"section\" data-e-type=\"section\" data-settings=\"{&quot;stretch_section&quot;:&quot;section-stretched&quot;}\">\n\t\t\t\t\t\t<div class=\"elementor-container elementor-column-gap-default\">\n\t\t\t\t\t<div class=\"elementor-column elementor-col-50 elementor-top-column elementor-element elementor-element-614c86fd\" data-id=\"614c86fd\" data-element_type=\"column\" data-e-type=\"column\" data-settings=\"{&quot;animation_tablet&quot;:&quot;none&quot;,&quot;animation_mobile&quot;:&quot;none&quot;}\">\n\t\t\t<div class=\"elementor-widget-wrap elementor-element-populated\">\n\t\t\t\t\t\t<div class=\"elementor-element elementor-element-16a6f021 elementor-widget elementor-widget-image\" data-id=\"16a6f021\" data-element_type=\"widget\" data-e-type=\"widget\" data-widget_type=\"image.default\">\n\t\t\t\t<div class=\"elementor-widget-container\">\n\t\t\t\t\t\t\t\t\t\t\t\t\t\t\t<img decoding=\"async\" width=\"210\" height=\"80\" src=\"https:\/\/caravel.gr\/wp-content\/uploads\/2022\/02\/caravel-logo_0_0.jpg\" class=\"attachment-large size-large wp-image-2650\" alt=\"Rent a car Heraklion Airport - Your Ultimate Guide\" \/>\t\t\t\t\t\t\t\t\t\t\t\t\t\t\t<\/div>\n\t\t\t\t<\/div>\n\t\t\t\t\t<\/div>\n\t\t<\/div>\n\t\t\t\t<div class=\"elementor-column elementor-col-50 elementor-top-column elementor-element elementor-element-8a44527\" data-id=\"8a44527\" data-element_type=\"column\" data-e-type=\"column\">\n\t\t\t<div class=\"elementor-widget-wrap elementor-element-populated\">\n\t\t\t\t\t\t<div class=\"elementor-element elementor-element-4f1294b0 elementor-widget__width-initial elementor-absolute elementor-widget-mobile__width-initial elementor-widget elementor-widget-heading\" data-id=\"4f1294b0\" data-element_type=\"widget\" data-e-type=\"widget\" data-settings=\"{&quot;_position&quot;:&quot;absolute&quot;}\" data-widget_type=\"heading.default\">\n\t\t\t\t<div class=\"elementor-widget-container\">\n\t\t\t\t\t<h2 class=\"elementor-heading-title elementor-size-default\">CARAVEL<\/h2>\t\t\t\t<\/div>\n\t\t\t\t<\/div>\n\t\t\t\t<div class=\"elementor-element elementor-element-1361ca69 premium-header-block premium-lq__none premium-box-lq__none elementor-widget elementor-widget-premium-addon-dual-header\" data-id=\"1361ca69\" data-element_type=\"widget\" data-e-type=\"widget\" data-settings=\"{&quot;_animation_tablet&quot;:&quot;none&quot;,&quot;_animation_mobile&quot;:&quot;none&quot;}\" data-widget_type=\"premium-addon-dual-header.default\">\n\t\t\t\t\t\n\t\t<div class=\"elementor-widget-container\">\n\t\t\t\t\t<h2 class=\"premium-dual-header-first-header \"><span class=\"premium-dual-header-first-span\">Car Rental Crete since 1979 <\/span><span class=\"premium-dual-header-second-header \">Chi siamo - CARAVEL RENT A CAR <\/span><\/h2> \t\t\t\t<\/div>\n\n\t\t\t\t\t\t<\/div>\n\t\t\t\t<div class=\"elementor-element elementor-element-4935e4d6 elementor-widget-divider--view-line elementor-widget elementor-widget-divider\" data-id=\"4935e4d6\" data-element_type=\"widget\" data-e-type=\"widget\" data-settings=\"{&quot;_animation_tablet&quot;:&quot;none&quot;,&quot;_animation_mobile&quot;:&quot;none&quot;}\" data-widget_type=\"divider.default\">\n\t\t\t\t<div class=\"elementor-widget-container\">\n\t\t\t\t\t\t\t<div class=\"elementor-divider\">\n\t\t\t<span class=\"elementor-divider-separator\">\n\t\t\t\t\t\t<\/span>\n\t\t<\/div>\n\t\t\t\t\t\t<\/div>\n\t\t\t\t<\/div>\n\t\t\t\t<div class=\"elementor-element elementor-element-688302a elementor-widget elementor-widget-text-editor\" data-id=\"688302a\" data-element_type=\"widget\" data-e-type=\"widget\" data-settings=\"{&quot;_animation_tablet&quot;:&quot;none&quot;,&quot;_animation_mobile&quot;:&quot;none&quot;}\" data-widget_type=\"text-editor.default\">\n\t\t\t\t<div class=\"elementor-widget-container\">\n\t\t\t\t\t\t\t\t\t<p>Noleggiare un&#8217;auto a Creta non \u00e8 mai stato cos\u00ec facile! At Caravel Car rental Crete, we take pride in our fleet and the variety and quality of vehicles that we offer our customers. Per noi il noleggio auto \u00e8 pi\u00f9 di un business, quindi qui puoi noleggiare un&#8217;auto senza carta di credito.<\/p><p>La nostra flotta degli ultimi modelli offre noleggio auto a buon mercato ed \u00e8 a tua disposizione sia per affari che per piacere. Con Caravel Car Rental Creta, i clienti non hanno solo un&#8217;auto, hanno 40 anni di esperienza al loro fianco. E tutto questo ai migliori prezzi nei servizi di autonoleggio.<\/p><p>Con filiali in tutta Creta presso l&#8217;aeroporto di Heraklion, l&#8217;aeroporto di Chania, il porto di Heraklion, il porto di Chania, la citt\u00e0 di Heraklion, la citt\u00e0 di Chania, Stalis, Hersonisos e Rethimno, il nostro personale capace e dedicato offre un servizio di noleggio auto a Creta personale e professionale 24 ore su 24. I nostri uffici sono aperti dalle 06:00 alle 23:00. Consegniamo e ritiriamo auto in qualsiasi momento all&#8217;aeroporto di Heraklion, all&#8217;aeroporto di Chania, al porto di Heraklion, al porto di Chania e in tutti gli hotel intorno a Creta.<\/p>\t\t\t\t\t\t\t\t<\/div>\n\t\t\t\t<\/div>\n\t\t\t\t\t<\/div>\n\t\t<\/div>\n\t\t\t\t\t<\/div>\n\t\t<\/section>\n\t\t\t\t<section class=\"elementor-section elementor-top-section elementor-element elementor-element-1bebc5f9 elementor-section-full_width elementor-section-content-middle elementor-section-height-default elementor-section-height-default\" data-id=\"1bebc5f9\" data-element_type=\"section\" data-e-type=\"section\" data-settings=\"{&quot;background_background&quot;:&quot;classic&quot;}\">\n\t\t\t\t\t\t<div class=\"elementor-container elementor-column-gap-no\">\n\t\t\t\t\t<div class=\"elementor-column elementor-col-100 elementor-top-column elementor-element elementor-element-4b47578b\" data-id=\"4b47578b\" data-element_type=\"column\" data-e-type=\"column\">\n\t\t\t<div class=\"elementor-widget-wrap elementor-element-populated\">\n\t\t\t\t\t\t<section class=\"elementor-section elementor-inner-section elementor-element elementor-element-7db09de1 elementor-section-content-top elementor-section-boxed elementor-section-height-default elementor-section-height-default\" data-id=\"7db09de1\" data-element_type=\"section\" data-e-type=\"section\">\n\t\t\t\t\t\t<div class=\"elementor-container elementor-column-gap-default\">\n\t\t\t\t\t<div class=\"elementor-column elementor-col-100 elementor-inner-column elementor-element elementor-element-7a697260\" data-id=\"7a697260\" data-element_type=\"column\" data-e-type=\"column\">\n\t\t\t<div class=\"elementor-widget-wrap elementor-element-populated\">\n\t\t\t\t\t\t<div class=\"elementor-element elementor-element-342e4720 premium-header-block premium-lq__none premium-box-lq__none elementor-widget elementor-widget-premium-addon-dual-header\" data-id=\"342e4720\" data-element_type=\"widget\" data-e-type=\"widget\" data-widget_type=\"premium-addon-dual-header.default\">\n\t\t\t\t\t\n\t\t<div class=\"elementor-widget-container\">\n\t\t\t\t\t<h2 class=\"premium-dual-header-first-header  gradient\"><span class=\"premium-dual-header-first-span\">Caravel - Car Rental Crete <\/span><span class=\"premium-dual-header-second-header \">\u00c8 nato un sogno<\/span><\/h2> \t\t\t\t<\/div>\n\n\t\t\t\t\t\t<\/div>\n\t\t\t\t<div class=\"elementor-element elementor-element-40cd2e67 elementor-widget elementor-widget-text-editor\" data-id=\"40cd2e67\" data-element_type=\"widget\" data-e-type=\"widget\" data-widget_type=\"text-editor.default\">\n\t\t\t\t<div class=\"elementor-widget-container\">\n\t\t\t\t\t\t\t\t\t<p> Caravel <strong>rent a car Creta<\/strong> \u00e8 stata fondata nel 1979 come impresa privata. Dopo molti anni di costante sviluppo al rialzo abbiamo deciso di trasformarla in una societ\u00e0 per azioni. Questa decisione \u00e8 stata presa dopo i rapidi progressi dell&#8217;azienda per quanto riguarda non solo le auto e gli uffici ma anche il personale, il fatturato ecc. Quindi avevamo tutto ci\u00f2 che era necessario &#8211; infrastrutture e capitale &#8211; per trasformare la nostra azienda finanziariamente sana in una societ\u00e0 per azioni.   <\/p>\t\t\t\t\t\t\t\t<\/div>\n\t\t\t\t<\/div>\n\t\t\t\t<div class=\"elementor-element elementor-element-480eea6 premium-header-block premium-lq__none premium-box-lq__none elementor-widget elementor-widget-premium-addon-dual-header\" data-id=\"480eea6\" data-element_type=\"widget\" data-e-type=\"widget\" data-widget_type=\"premium-addon-dual-header.default\">\n\t\t\t\t\t\n\t\t<div class=\"elementor-widget-container\">\n\t\t\t\t\t<h2 class=\"premium-dual-header-first-header  gradient\"><span class=\"premium-dual-header-first-span\">STATUS PROFESSIONALE E PIANI PER IL FUTURO <\/span><span class=\"premium-dual-header-second-header \">I nostri servizi sono di altissimo livello<\/span><\/h2> \t\t\t\t<\/div>\n\n\t\t\t\t\t\t<\/div>\n\t\t\t\t<div class=\"elementor-element elementor-element-dac9201 elementor-widget elementor-widget-text-editor\" data-id=\"dac9201\" data-element_type=\"widget\" data-e-type=\"widget\" data-widget_type=\"text-editor.default\">\n\t\t\t\t<div class=\"elementor-widget-container\">\n\t\t\t\t\t\t\t\t\t<p><strong>CARAVEL Car Rental Crete<\/strong> offre una gamma completa di servizi nel settore del noleggio auto. I nostri servizi sono di altissimo livello. La nostra affidabilit\u00e0 e, ultimo ma non meno importante, i nostri prezzi molto competitivi sono per noi caratteristiche. Molto presto entriamo nel campo del turismo incoming con servizi di pick up e transfer, escursioni, biglietteria (aerei, bus, ecc.), prenotazione alberghiera, ecc. Sarebbe un onore per noi intraprendere la rappresentanza della vostra azienda a Creta per i clienti in arrivo.<\/p>\t\t\t\t\t\t\t\t<\/div>\n\t\t\t\t<\/div>\n\t\t\t\t\t<\/div>\n\t\t<\/div>\n\t\t\t\t\t<\/div>\n\t\t<\/section>\n\t\t\t\t\t<\/div>\n\t\t<\/div>\n\t\t\t\t\t<\/div>\n\t\t<\/section>\n\t\t\t\t<section class=\"elementor-section elementor-top-section elementor-element elementor-element-8b01560 elementor-section-height-min-height elementor-section-content-middle elementor-section-boxed elementor-section-height-default elementor-section-items-middle\" data-id=\"8b01560\" data-element_type=\"section\" data-e-type=\"section\" data-settings=\"{&quot;background_background&quot;:&quot;classic&quot;,&quot;background_motion_fx_motion_fx_scrolling&quot;:&quot;yes&quot;,&quot;background_motion_fx_translateY_effect&quot;:&quot;yes&quot;,&quot;background_motion_fx_translateY_speed&quot;:{&quot;unit&quot;:&quot;px&quot;,&quot;size&quot;:5,&quot;sizes&quot;:[]},&quot;background_motion_fx_scale_effect&quot;:&quot;yes&quot;,&quot;background_motion_fx_scale_direction&quot;:&quot;in-out&quot;,&quot;background_motion_fx_range&quot;:&quot;viewport&quot;,&quot;background_motion_fx_translateY_affectedRange&quot;:{&quot;unit&quot;:&quot;%&quot;,&quot;size&quot;:&quot;&quot;,&quot;sizes&quot;:{&quot;start&quot;:0,&quot;end&quot;:100}},&quot;background_motion_fx_scale_speed&quot;:{&quot;unit&quot;:&quot;px&quot;,&quot;size&quot;:4,&quot;sizes&quot;:[]},&quot;background_motion_fx_scale_range&quot;:{&quot;unit&quot;:&quot;%&quot;,&quot;size&quot;:&quot;&quot;,&quot;sizes&quot;:{&quot;start&quot;:20,&quot;end&quot;:80}},&quot;background_motion_fx_devices&quot;:[&quot;desktop&quot;,&quot;tablet&quot;,&quot;mobile&quot;]}\">\n\t\t\t\t\t\t<div class=\"elementor-container elementor-column-gap-default\">\n\t\t\t\t\t<div class=\"elementor-column elementor-col-100 elementor-top-column elementor-element elementor-element-97cb31b\" data-id=\"97cb31b\" data-element_type=\"column\" data-e-type=\"column\">\n\t\t\t<div class=\"elementor-widget-wrap elementor-element-populated\">\n\t\t\t\t\t\t\t<\/div>\n\t\t<\/div>\n\t\t\t\t\t<\/div>\n\t\t<\/section>\n\t\t\t\t<section class=\"elementor-section elementor-top-section elementor-element elementor-element-4e77c88 elementor-section-full_width elementor-section-content-middle elementor-section-height-default elementor-section-height-default\" data-id=\"4e77c88\" data-element_type=\"section\" data-e-type=\"section\" data-settings=\"{&quot;background_background&quot;:&quot;classic&quot;}\">\n\t\t\t\t\t\t<div class=\"elementor-container elementor-column-gap-no\">\n\t\t\t\t\t<div class=\"elementor-column elementor-col-100 elementor-top-column elementor-element elementor-element-dac69dd\" data-id=\"dac69dd\" data-element_type=\"column\" data-e-type=\"column\">\n\t\t\t<div class=\"elementor-widget-wrap elementor-element-populated\">\n\t\t\t\t\t\t<section class=\"elementor-section elementor-inner-section elementor-element elementor-element-d2e375c elementor-section-content-top elementor-section-boxed elementor-section-height-default elementor-section-height-default\" data-id=\"d2e375c\" data-element_type=\"section\" data-e-type=\"section\">\n\t\t\t\t\t\t<div class=\"elementor-container elementor-column-gap-default\">\n\t\t\t\t\t<div class=\"elementor-column elementor-col-100 elementor-inner-column elementor-element elementor-element-f3ee954\" data-id=\"f3ee954\" data-element_type=\"column\" data-e-type=\"column\">\n\t\t\t<div class=\"elementor-widget-wrap elementor-element-populated\">\n\t\t\t\t\t\t<div class=\"elementor-element elementor-element-1af84f8 premium-header-block premium-lq__none premium-box-lq__none elementor-widget elementor-widget-premium-addon-dual-header\" data-id=\"1af84f8\" data-element_type=\"widget\" data-e-type=\"widget\" data-widget_type=\"premium-addon-dual-header.default\">\n\t\t\t\t\t\n\t\t<div class=\"elementor-widget-container\">\n\t\t\t\t\t<h2 class=\"premium-dual-header-first-header  gradient\"><span class=\"premium-dual-header-first-span\">Automobili <\/span><span class=\"premium-dual-header-second-header \">+450 Automobili<\/span><\/h2> \t\t\t\t<\/div>\n\n\t\t\t\t\t\t<\/div>\n\t\t\t\t<div class=\"elementor-element elementor-element-d34f0cf elementor-widget elementor-widget-text-editor\" data-id=\"d34f0cf\" data-element_type=\"widget\" data-e-type=\"widget\" data-widget_type=\"text-editor.default\">\n\t\t\t\t<div class=\"elementor-widget-container\">\n\t\t\t\t\t\t\t\t\t<p class=\"rtejustify\">CARAVEL Rent A Car Crete dispone di circa 450 auto di tutte le categorie: piccole, medie, grandi, automatiche, cabriolet, jeep e minibus. Siamo in grado di soddisfare anche il cliente pi\u00f9 esigente. Il nostro principio \u00e8 quello di rinnovare la nostra flotta ogni tre anni e ci assicuriamo che tutte le nostre auto siano in ottime condizioni meccaniche mediante frequenti e scrupolosi interventi di manutenzione. <\/p><p class=\"rtejustify\">Puoi consultare la nostra flotta <a href=\"https:\/\/caravel.gr\/it\/our-fleet-italian\/\" target=\"_blank\" rel=\"noopener\">qui<\/a>.<\/p>\t\t\t\t\t\t\t\t<\/div>\n\t\t\t\t<\/div>\n\t\t\t\t<div class=\"elementor-element elementor-element-96b2496 premium-header-block premium-lq__none premium-box-lq__none elementor-widget elementor-widget-premium-addon-dual-header\" data-id=\"96b2496\" data-element_type=\"widget\" data-e-type=\"widget\" data-widget_type=\"premium-addon-dual-header.default\">\n\t\t\t\t\t\n\t\t<div class=\"elementor-widget-container\">\n\t\t\t\t\t<h2 class=\"premium-dual-header-first-header  gradient\"><span class=\"premium-dual-header-first-span\">FILIALI E PERSONALE <\/span><span class=\"premium-dual-header-second-header \">Sei filiali in tutta Creta<\/span><\/h2> \t\t\t\t<\/div>\n\n\t\t\t\t\t\t<\/div>\n\t\t\t\t<div class=\"elementor-element elementor-element-441f61a elementor-widget elementor-widget-text-editor\" data-id=\"441f61a\" data-element_type=\"widget\" data-e-type=\"widget\" data-widget_type=\"text-editor.default\">\n\t\t\t\t<div class=\"elementor-widget-container\">\n\t\t\t\t\t\t\t\t\t<p>La nostra azienda ha un totale di sei filiali in tutta Creta. Due filiali si trovano nella capitale Heraklion, che \u00e8 il centro commerciale dell&#8217;isola. Ci trovi nella via principale che dal porto porta al cuore della citt\u00e0 dove puoi trovare anche agenzie di viaggio, banche, ecc. Il porto \u00e8 a soli 300 metri di distanza, il museo a soli 250 me l&#8217;aeroporto internazionale di Heraklion si trova a una distanza di soli 2 km. Una filiale nell&#8217;aeroporto di Chania a soli 200 metri dall&#8217;edificio principale nel parcheggio GR. Un ramo \u00e8 nel famoso Limenas Hersonissou (o Hersonissos). Infine ci sono due filiali nel centro di Stalis (o Stalida). Inoltre la nostra azienda dispone di due enormi garage dotati di strumentazioni di ultima generazione per la corretta manutenzione delle nostre auto. Venticinque persone lavorano nella nostra azienda. Dieci di loro sono personale tecnico, 10 sono venditori e 5 sono responsabili della consegna e del ritiro delle auto.<\/p>\t\t\t\t\t\t\t\t<\/div>\n\t\t\t\t<\/div>\n\t\t\t\t<div class=\"elementor-element elementor-element-761a6eb elementor-widget elementor-widget-text-editor\" data-id=\"761a6eb\" data-element_type=\"widget\" data-e-type=\"widget\" data-widget_type=\"text-editor.default\">\n\t\t\t\t<div class=\"elementor-widget-container\">\n\t\t\t\t\t\t\t\t\t<p style=\"text-align: center;\"><strong>SERVIZI OFFERTI<\/strong><br>Consegna e ritiro in tutta Creta 24 ore su 24.<br>Assistenza tecnica 24 ore su 24 in tutta Creta fornita dal nostro personale altamente qualificato.<br>Copertura assicurativa completa per auto e passeggeri.<\/p>\t\t\t\t\t\t\t\t<\/div>\n\t\t\t\t<\/div>\n\t\t\t\t\t<\/div>\n\t\t<\/div>\n\t\t\t\t\t<\/div>\n\t\t<\/section>\n\t\t\t\t\t<\/div>\n\t\t<\/div>\n\t\t\t\t\t<\/div>\n\t\t<\/section>\n\t\t\t\t<section class=\"elementor-section elementor-top-section elementor-element elementor-element-87359ed elementor-section-boxed elementor-section-height-default elementor-section-height-default\" data-id=\"87359ed\" data-element_type=\"section\" data-e-type=\"section\">\n\t\t\t\t\t\t<div class=\"elementor-container elementor-column-gap-default\">\n\t\t\t\t\t<div class=\"elementor-column elementor-col-100 elementor-top-column elementor-element elementor-element-aa27ef5\" data-id=\"aa27ef5\" data-element_type=\"column\" data-e-type=\"column\">\n\t\t\t<div class=\"elementor-widget-wrap elementor-element-populated\">\n\t\t\t\t\t\t<div class=\"elementor-element elementor-element-30de909 elementor-arrows-position-inside elementor-pagination-position-outside elementor-widget elementor-widget-image-carousel\" data-id=\"30de909\" data-element_type=\"widget\" data-e-type=\"widget\" data-settings=\"{&quot;slides_to_show&quot;:&quot;3&quot;,&quot;slides_to_scroll&quot;:&quot;1&quot;,&quot;image_spacing_custom&quot;:{&quot;unit&quot;:&quot;px&quot;,&quot;size&quot;:10,&quot;sizes&quot;:[]},&quot;navigation&quot;:&quot;both&quot;,&quot;autoplay&quot;:&quot;yes&quot;,&quot;pause_on_hover&quot;:&quot;yes&quot;,&quot;pause_on_interaction&quot;:&quot;yes&quot;,&quot;autoplay_speed&quot;:5000,&quot;infinite&quot;:&quot;yes&quot;,&quot;speed&quot;:500,&quot;image_spacing_custom_tablet&quot;:{&quot;unit&quot;:&quot;px&quot;,&quot;size&quot;:&quot;&quot;,&quot;sizes&quot;:[]},&quot;image_spacing_custom_mobile&quot;:{&quot;unit&quot;:&quot;px&quot;,&quot;size&quot;:&quot;&quot;,&quot;sizes&quot;:[]}}\" data-widget_type=\"image-carousel.default\">\n\t\t\t\t<div class=\"elementor-widget-container\">\n\t\t\t\t\t\t\t<div class=\"elementor-image-carousel-wrapper swiper\" role=\"region\" aria-roledescription=\"carousel\" aria-label=\"Image Carousel\" dir=\"ltr\">\n\t\t\t<div class=\"elementor-image-carousel swiper-wrapper\" aria-live=\"off\">\n\t\t\t\t\t\t\t\t<div class=\"swiper-slide\" role=\"group\" aria-roledescription=\"slide\" aria-label=\"1 di 5\"><a data-elementor-open-lightbox=\"yes\" data-elementor-lightbox-slideshow=\"30de909\" data-elementor-lightbox-title=\"hyundai-i10-new\" data-elementor-lightbox-description=\"Car rental Crete with Caravel  - Hyundai i10\" data-e-action-hash=\"#elementor-action%3Aaction%3Dlightbox%26settings%3DeyJpZCI6Mjk1NCwidXJsIjoiaHR0cHM6XC9cL2NhcmF2ZWwuZ3JcL3dwLWNvbnRlbnRcL3VwbG9hZHNcLzIwMjJcLzAyXC9oeXVuZGFpLWkxMC1uZXcuanBnIiwic2xpZGVzaG93IjoiMzBkZTkwOSJ9\" href=\"https:\/\/caravel.gr\/wp-content\/uploads\/2022\/02\/hyundai-i10-new.jpg\"><figure class=\"swiper-slide-inner\"><img decoding=\"async\" class=\"swiper-slide-image\" src=\"https:\/\/caravel.gr\/wp-content\/uploads\/elementor\/thumbs\/hyundai-i10-new-qycoyn73tbwymvbixoe683ywj5yjhbq6tt4h5x0la0.jpg\" alt=\"Hyundai i10\" \/><figcaption class=\"elementor-image-carousel-caption\">hyundai-i10-new<\/figcaption><\/figure><\/a><\/div><div class=\"swiper-slide\" role=\"group\" aria-roledescription=\"slide\" aria-label=\"2 di 5\"><a data-elementor-open-lightbox=\"yes\" data-elementor-lightbox-slideshow=\"30de909\" data-elementor-lightbox-title=\"fiat panda new\" data-elementor-lightbox-description=\"Car rental Crete with Caravel  - Fiat Panda\" data-e-action-hash=\"#elementor-action%3Aaction%3Dlightbox%26settings%3DeyJpZCI6Mjk2MiwidXJsIjoiaHR0cHM6XC9cL2NhcmF2ZWwuZ3JcL3dwLWNvbnRlbnRcL3VwbG9hZHNcLzIwMjJcLzAyXC9maWF0LXBhbmRhLW5ldy5qcGciLCJzbGlkZXNob3ciOiIzMGRlOTA5In0%3D\" href=\"https:\/\/caravel.gr\/wp-content\/uploads\/2022\/02\/fiat-panda-new.jpg\"><figure class=\"swiper-slide-inner\"><img decoding=\"async\" class=\"swiper-slide-image\" src=\"https:\/\/caravel.gr\/wp-content\/uploads\/elementor\/thumbs\/fiat-panda-new-qycoxzp52h0skm9nqw8hzrwdoj6d4w4wektc5zzflk.jpg\" alt=\"Fiat Panda\" \/><figcaption class=\"elementor-image-carousel-caption\">fiat panda new<\/figcaption><\/figure><\/a><\/div><div class=\"swiper-slide\" role=\"group\" aria-roledescription=\"slide\" aria-label=\"3 di 5\"><a data-elementor-open-lightbox=\"yes\" data-elementor-lightbox-slideshow=\"30de909\" data-elementor-lightbox-title=\"a-class\" data-elementor-lightbox-description=\"Car rental Crete with Caravel  - Mercedes A Class\" data-e-action-hash=\"#elementor-action%3Aaction%3Dlightbox%26settings%3DeyJpZCI6Mjk0MCwidXJsIjoiaHR0cHM6XC9cL2NhcmF2ZWwuZ3JcL3dwLWNvbnRlbnRcL3VwbG9hZHNcLzIwMjJcLzAyXC9hLWNsYXNzLmpwZyIsInNsaWRlc2hvdyI6IjMwZGU5MDkifQ%3D%3D\" href=\"https:\/\/caravel.gr\/wp-content\/uploads\/2022\/02\/a-class.jpg\"><figure class=\"swiper-slide-inner\"><img decoding=\"async\" class=\"swiper-slide-image\" src=\"https:\/\/caravel.gr\/wp-content\/uploads\/elementor\/thumbs\/a-class-qycp0ivhhehlusl7yhnb7mw3awoyvj6v343fpu88u0.jpg\" alt=\"Mercentes A Class\" \/><figcaption class=\"elementor-image-carousel-caption\">a-class<\/figcaption><\/figure><\/a><\/div><div class=\"swiper-slide\" role=\"group\" aria-roledescription=\"slide\" aria-label=\"4 di 5\"><a data-elementor-open-lightbox=\"yes\" data-elementor-lightbox-slideshow=\"30de909\" data-elementor-lightbox-title=\"fiat 500 cabrio\" data-elementor-lightbox-description=\"Car rental Crete with Caravel  - Fiat 500 Cabrio\" data-e-action-hash=\"#elementor-action%3Aaction%3Dlightbox%26settings%3DeyJpZCI6Mjk4MiwidXJsIjoiaHR0cHM6XC9cL2NhcmF2ZWwuZ3JcL3dwLWNvbnRlbnRcL3VwbG9hZHNcLzIwMjJcLzAyXC9maWF0LTUwMC1jYWJyaW8uanBnIiwic2xpZGVzaG93IjoiMzBkZTkwOSJ9\" href=\"https:\/\/caravel.gr\/wp-content\/uploads\/2022\/02\/fiat-500-cabrio.jpg\"><figure class=\"swiper-slide-inner\"><img decoding=\"async\" class=\"swiper-slide-image\" src=\"https:\/\/caravel.gr\/wp-content\/uploads\/elementor\/thumbs\/fiat-500-cabrio-qycox7hzdfy6wbembk1owz0juz1cpz0yap8rrp58s8.jpg\" alt=\"Fiat 500 Cabrio\" \/><figcaption class=\"elementor-image-carousel-caption\">fiat 500 cabrio<\/figcaption><\/figure><\/a><\/div><div class=\"swiper-slide\" role=\"group\" aria-roledescription=\"slide\" aria-label=\"5 di 5\"><a data-elementor-open-lightbox=\"yes\" data-elementor-lightbox-slideshow=\"30de909\" data-elementor-lightbox-title=\"audi-a3-cabrio-auto_0\" data-elementor-lightbox-description=\"Car rental Crete with Caravel  - Audi A3 Cabrio\" data-e-action-hash=\"#elementor-action%3Aaction%3Dlightbox%26settings%3DeyJpZCI6Mjk5MiwidXJsIjoiaHR0cHM6XC9cL2NhcmF2ZWwuZ3JcL3dwLWNvbnRlbnRcL3VwbG9hZHNcLzIwMjJcLzAyXC9hdWRpLWEzLWNhYnJpby1hdXRvXzAuanBnIiwic2xpZGVzaG93IjoiMzBkZTkwOSJ9\" href=\"https:\/\/caravel.gr\/wp-content\/uploads\/2022\/02\/audi-a3-cabrio-auto_0.jpg\"><figure class=\"swiper-slide-inner\"><img decoding=\"async\" class=\"swiper-slide-image\" src=\"https:\/\/caravel.gr\/wp-content\/uploads\/elementor\/thumbs\/audi-a3-cabrio-auto_0-qycownrddx764i7aitiiylzvdvqn8bul7zjkovyiew.jpg\" alt=\"Audi A3 Cabrio\" \/><figcaption class=\"elementor-image-carousel-caption\">audi-a3-cabrio-auto_0<\/figcaption><\/figure><\/a><\/div>\t\t\t<\/div>\n\t\t\t\t\t\t\t\t\t\t\t\t<div class=\"elementor-swiper-button elementor-swiper-button-prev\" role=\"button\" tabindex=\"0\">\n\t\t\t\t\t\t<i aria-hidden=\"true\" class=\"eicon-chevron-left\"><\/i>\t\t\t\t\t<\/div>\n\t\t\t\t\t<div class=\"elementor-swiper-button elementor-swiper-button-next\" role=\"button\" tabindex=\"0\">\n\t\t\t\t\t\t<i aria-hidden=\"true\" class=\"eicon-chevron-right\"><\/i>\t\t\t\t\t<\/div>\n\t\t\t\t\n\t\t\t\t\t\t\t\t\t<div class=\"swiper-pagination\"><\/div>\n\t\t\t\t\t\t\t\t\t<\/div>\n\t\t\t\t\t\t<\/div>\n\t\t\t\t<\/div>\n\t\t\t\t\t<\/div>\n\t\t<\/div>\n\t\t\t\t\t<\/div>\n\t\t<\/section>\n\t\t\t\t<section class=\"elementor-section elementor-top-section elementor-element elementor-element-fc65994 elementor-section-boxed elementor-section-height-default elementor-section-height-default\" data-id=\"fc65994\" data-element_type=\"section\" data-e-type=\"section\">\n\t\t\t\t\t\t<div class=\"elementor-container elementor-column-gap-default\">\n\t\t\t\t\t<div class=\"elementor-column elementor-col-100 elementor-top-column elementor-element elementor-element-f78149d\" data-id=\"f78149d\" data-element_type=\"column\" data-e-type=\"column\">\n\t\t\t<div class=\"elementor-widget-wrap elementor-element-populated\">\n\t\t\t\t\t\t<div class=\"elementor-element elementor-element-4ffe661 elementor-widget elementor-widget-heading\" data-id=\"4ffe661\" data-element_type=\"widget\" data-e-type=\"widget\" data-widget_type=\"heading.default\">\n\t\t\t\t<div class=\"elementor-widget-container\">\n\t\t\t\t\t<h2 class=\"elementor-heading-title elementor-size-default\"><a href=\"https:\/\/www.google.com\/maps\/search\/caravel+car+rental\/@35.3245925,24.998296,11z\/data=!3m1!4b1\">Trova Caravel Car Rental Crete su Google Maps<\/a><\/h2>\t\t\t\t<\/div>\n\t\t\t\t<\/div>\n\t\t\t\t\t<\/div>\n\t\t<\/div>\n\t\t\t\t\t<\/div>\n\t\t<\/section>\n\t\t\t\t<\/div>\n\t\t","protected":false},"excerpt":{"rendered":"<p>CARAVEL Car Rental Crete since 1979 Chi siamo &#8211; CARAVEL RENT A CAR Noleggiare un&#8217;auto a Creta non \u00e8 mai stato cos\u00ec facile! At Caravel Car rental Crete, we take pride in our fleet and the variety and quality of vehicles that we offer our customers. Per noi il noleggio auto \u00e8 pi\u00f9 di un [&hellip;]<\/p>\n","protected":false},"author":4,"featured_media":4428,"parent":0,"menu_order":0,"comment_status":"closed","ping_status":"closed","template":"","meta":{"footnotes":""},"class_list":["post-3121","page","type-page","status-publish","has-post-thumbnail","hentry"],"yoast_head":"<!-- This site is optimized with the Yoast SEO Premium plugin v22.7 (Yoast SEO v27.4) - https:\/\/yoast.com\/product\/yoast-seo-premium-wordpress\/ -->\n<title>Noleggio auto a Creta con Caravel Rent A Car \u2022 Il profilo della nostra azienda<\/title>\n<meta name=\"description\" content=\"Noleggia un&#039;auto a Creta con Caravel per mille motivi! Noi di Caravel Noleggio Auto Creta siamo orgogliosi della nostra flotta e della variet\u00e0 e qualit\u00e0...\" \/>\n<meta name=\"robots\" content=\"index, follow, max-snippet:-1, max-image-preview:large, max-video-preview:-1\" \/>\n<link rel=\"canonical\" href=\"https:\/\/caravel.gr\/it\/profilo\/\" \/>\n<meta property=\"og:locale\" content=\"it_IT\" \/>\n<meta property=\"og:type\" content=\"article\" \/>\n<meta property=\"og:title\" content=\"Profilo\" \/>\n<meta property=\"og:description\" content=\"Noleggia un&#039;auto a Creta con Caravel per mille motivi! Noi di Caravel Noleggio Auto Creta siamo orgogliosi della nostra flotta e della variet\u00e0 e qualit\u00e0...\" \/>\n<meta property=\"og:url\" content=\"https:\/\/caravel.gr\/it\/profilo\/\" \/>\n<meta property=\"og:site_name\" content=\"Rent A Car Crete with Caravel\" \/>\n<meta property=\"article:modified_time\" content=\"2026-03-24T15:53:36+00:00\" \/>\n<meta property=\"og:image\" content=\"https:\/\/caravel.gr\/wp-content\/uploads\/2023\/05\/Heraklion_International_airport-2-1.jpg\" \/>\n\t<meta property=\"og:image:width\" content=\"1080\" \/>\n\t<meta property=\"og:image:height\" content=\"753\" \/>\n\t<meta property=\"og:image:type\" content=\"image\/jpeg\" \/>\n<meta name=\"twitter:card\" content=\"summary_large_image\" \/>\n<meta name=\"twitter:label1\" content=\"Tempo di lettura stimato\" \/>\n\t<meta name=\"twitter:data1\" content=\"7 minuti\" \/>\n<script type=\"application\/ld+json\" class=\"yoast-schema-graph\">{\"@context\":\"https:\\\/\\\/schema.org\",\"@graph\":[{\"@type\":\"WebPage\",\"@id\":\"https:\\\/\\\/caravel.gr\\\/it\\\/profilo\\\/\",\"url\":\"https:\\\/\\\/caravel.gr\\\/it\\\/profilo\\\/\",\"name\":\"Noleggio auto a Creta con Caravel Rent A Car \u2022 Il profilo della nostra azienda\",\"isPartOf\":{\"@id\":\"https:\\\/\\\/caravel.gr\\\/#website\"},\"primaryImageOfPage\":{\"@id\":\"https:\\\/\\\/caravel.gr\\\/it\\\/profilo\\\/#primaryimage\"},\"image\":{\"@id\":\"https:\\\/\\\/caravel.gr\\\/it\\\/profilo\\\/#primaryimage\"},\"thumbnailUrl\":\"https:\\\/\\\/caravel.gr\\\/wp-content\\\/uploads\\\/2023\\\/05\\\/Heraklion_International_airport-2-1.jpg\",\"datePublished\":\"2022-02-09T08:58:04+00:00\",\"dateModified\":\"2026-03-24T15:53:36+00:00\",\"description\":\"Noleggia un'auto a Creta con Caravel per mille motivi! Noi di Caravel Noleggio Auto Creta siamo orgogliosi della nostra flotta e della variet\u00e0 e qualit\u00e0...\",\"breadcrumb\":{\"@id\":\"https:\\\/\\\/caravel.gr\\\/it\\\/profilo\\\/#breadcrumb\"},\"inLanguage\":\"it-IT\",\"potentialAction\":[{\"@type\":\"ReadAction\",\"target\":[\"https:\\\/\\\/caravel.gr\\\/it\\\/profilo\\\/\"]}]},{\"@type\":\"ImageObject\",\"inLanguage\":\"it-IT\",\"@id\":\"https:\\\/\\\/caravel.gr\\\/it\\\/profilo\\\/#primaryimage\",\"url\":\"https:\\\/\\\/caravel.gr\\\/wp-content\\\/uploads\\\/2023\\\/05\\\/Heraklion_International_airport-2-1.jpg\",\"contentUrl\":\"https:\\\/\\\/caravel.gr\\\/wp-content\\\/uploads\\\/2023\\\/05\\\/Heraklion_International_airport-2-1.jpg\",\"width\":1080,\"height\":753,\"caption\":\"Autonoleggio Creta \u2022 Caravel Noleggio auto a Creta\"},{\"@type\":\"BreadcrumbList\",\"@id\":\"https:\\\/\\\/caravel.gr\\\/it\\\/profilo\\\/#breadcrumb\",\"itemListElement\":[{\"@type\":\"ListItem\",\"position\":1,\"name\":\"Home\",\"item\":\"https:\\\/\\\/caravel.gr\\\/\"},{\"@type\":\"ListItem\",\"position\":2,\"name\":\"Profilo\"}]},{\"@type\":\"WebSite\",\"@id\":\"https:\\\/\\\/caravel.gr\\\/#website\",\"url\":\"https:\\\/\\\/caravel.gr\\\/\",\"name\":\"Rent A Car Crete with Caravel\",\"description\":\"Car Hire in Crete\",\"publisher\":{\"@id\":\"https:\\\/\\\/caravel.gr\\\/#organization\"},\"potentialAction\":[{\"@type\":\"SearchAction\",\"target\":{\"@type\":\"EntryPoint\",\"urlTemplate\":\"https:\\\/\\\/caravel.gr\\\/?s={search_term_string}\"},\"query-input\":{\"@type\":\"PropertyValueSpecification\",\"valueRequired\":true,\"valueName\":\"search_term_string\"}}],\"inLanguage\":\"it-IT\"},{\"@type\":\"Organization\",\"@id\":\"https:\\\/\\\/caravel.gr\\\/#organization\",\"name\":\"Rent A Car Crete with Caravel\",\"url\":\"https:\\\/\\\/caravel.gr\\\/\",\"logo\":{\"@type\":\"ImageObject\",\"inLanguage\":\"it-IT\",\"@id\":\"https:\\\/\\\/caravel.gr\\\/#\\\/schema\\\/logo\\\/image\\\/\",\"url\":\"https:\\\/\\\/caravel.gr\\\/wp-content\\\/uploads\\\/2022\\\/01\\\/caravel-logo_0_0.jpg\",\"contentUrl\":\"https:\\\/\\\/caravel.gr\\\/wp-content\\\/uploads\\\/2022\\\/01\\\/caravel-logo_0_0.jpg\",\"width\":210,\"height\":80,\"caption\":\"Rent A Car Crete with Caravel\"},\"image\":{\"@id\":\"https:\\\/\\\/caravel.gr\\\/#\\\/schema\\\/logo\\\/image\\\/\"}}]}<\/script>\n<!-- \/ Yoast SEO Premium plugin. -->","yoast_head_json":{"title":"Noleggio auto a Creta con Caravel Rent A Car \u2022 Il profilo della nostra azienda","description":"Noleggia un'auto a Creta con Caravel per mille motivi! Noi di Caravel Noleggio Auto Creta siamo orgogliosi della nostra flotta e della variet\u00e0 e qualit\u00e0...","robots":{"index":"index","follow":"follow","max-snippet":"max-snippet:-1","max-image-preview":"max-image-preview:large","max-video-preview":"max-video-preview:-1"},"canonical":"https:\/\/caravel.gr\/it\/profilo\/","og_locale":"it_IT","og_type":"article","og_title":"Profilo","og_description":"Noleggia un'auto a Creta con Caravel per mille motivi! Noi di Caravel Noleggio Auto Creta siamo orgogliosi della nostra flotta e della variet\u00e0 e qualit\u00e0...","og_url":"https:\/\/caravel.gr\/it\/profilo\/","og_site_name":"Rent A Car Crete with Caravel","article_modified_time":"2026-03-24T15:53:36+00:00","og_image":[{"width":1080,"height":753,"url":"https:\/\/caravel.gr\/wp-content\/uploads\/2023\/05\/Heraklion_International_airport-2-1.jpg","type":"image\/jpeg"}],"twitter_card":"summary_large_image","twitter_misc":{"Tempo di lettura stimato":"7 minuti"},"schema":{"@context":"https:\/\/schema.org","@graph":[{"@type":"WebPage","@id":"https:\/\/caravel.gr\/it\/profilo\/","url":"https:\/\/caravel.gr\/it\/profilo\/","name":"Noleggio auto a Creta con Caravel Rent A Car \u2022 Il profilo della nostra azienda","isPartOf":{"@id":"https:\/\/caravel.gr\/#website"},"primaryImageOfPage":{"@id":"https:\/\/caravel.gr\/it\/profilo\/#primaryimage"},"image":{"@id":"https:\/\/caravel.gr\/it\/profilo\/#primaryimage"},"thumbnailUrl":"https:\/\/caravel.gr\/wp-content\/uploads\/2023\/05\/Heraklion_International_airport-2-1.jpg","datePublished":"2022-02-09T08:58:04+00:00","dateModified":"2026-03-24T15:53:36+00:00","description":"Noleggia un'auto a Creta con Caravel per mille motivi! Noi di Caravel Noleggio Auto Creta siamo orgogliosi della nostra flotta e della variet\u00e0 e qualit\u00e0...","breadcrumb":{"@id":"https:\/\/caravel.gr\/it\/profilo\/#breadcrumb"},"inLanguage":"it-IT","potentialAction":[{"@type":"ReadAction","target":["https:\/\/caravel.gr\/it\/profilo\/"]}]},{"@type":"ImageObject","inLanguage":"it-IT","@id":"https:\/\/caravel.gr\/it\/profilo\/#primaryimage","url":"https:\/\/caravel.gr\/wp-content\/uploads\/2023\/05\/Heraklion_International_airport-2-1.jpg","contentUrl":"https:\/\/caravel.gr\/wp-content\/uploads\/2023\/05\/Heraklion_International_airport-2-1.jpg","width":1080,"height":753,"caption":"Autonoleggio Creta \u2022 Caravel Noleggio auto a Creta"},{"@type":"BreadcrumbList","@id":"https:\/\/caravel.gr\/it\/profilo\/#breadcrumb","itemListElement":[{"@type":"ListItem","position":1,"name":"Home","item":"https:\/\/caravel.gr\/"},{"@type":"ListItem","position":2,"name":"Profilo"}]},{"@type":"WebSite","@id":"https:\/\/caravel.gr\/#website","url":"https:\/\/caravel.gr\/","name":"Rent A Car Crete with Caravel","description":"Car Hire in Crete","publisher":{"@id":"https:\/\/caravel.gr\/#organization"},"potentialAction":[{"@type":"SearchAction","target":{"@type":"EntryPoint","urlTemplate":"https:\/\/caravel.gr\/?s={search_term_string}"},"query-input":{"@type":"PropertyValueSpecification","valueRequired":true,"valueName":"search_term_string"}}],"inLanguage":"it-IT"},{"@type":"Organization","@id":"https:\/\/caravel.gr\/#organization","name":"Rent A Car Crete with Caravel","url":"https:\/\/caravel.gr\/","logo":{"@type":"ImageObject","inLanguage":"it-IT","@id":"https:\/\/caravel.gr\/#\/schema\/logo\/image\/","url":"https:\/\/caravel.gr\/wp-content\/uploads\/2022\/01\/caravel-logo_0_0.jpg","contentUrl":"https:\/\/caravel.gr\/wp-content\/uploads\/2022\/01\/caravel-logo_0_0.jpg","width":210,"height":80,"caption":"Rent A Car Crete with Caravel"},"image":{"@id":"https:\/\/caravel.gr\/#\/schema\/logo\/image\/"}}]}},"_links":{"self":[{"href":"https:\/\/caravel.gr\/it\/wp-json\/wp\/v2\/pages\/3121","targetHints":{"allow":["GET"]}}],"collection":[{"href":"https:\/\/caravel.gr\/it\/wp-json\/wp\/v2\/pages"}],"about":[{"href":"https:\/\/caravel.gr\/it\/wp-json\/wp\/v2\/types\/page"}],"author":[{"embeddable":true,"href":"https:\/\/caravel.gr\/it\/wp-json\/wp\/v2\/users\/4"}],"replies":[{"embeddable":true,"href":"https:\/\/caravel.gr\/it\/wp-json\/wp\/v2\/comments?post=3121"}],"version-history":[{"count":13,"href":"https:\/\/caravel.gr\/it\/wp-json\/wp\/v2\/pages\/3121\/revisions"}],"predecessor-version":[{"id":5658,"href":"https:\/\/caravel.gr\/it\/wp-json\/wp\/v2\/pages\/3121\/revisions\/5658"}],"wp:featuredmedia":[{"embeddable":true,"href":"https:\/\/caravel.gr\/it\/wp-json\/wp\/v2\/media\/4428"}],"wp:attachment":[{"href":"https:\/\/caravel.gr\/it\/wp-json\/wp\/v2\/media?parent=3121"}],"curies":[{"name":"wp","href":"https:\/\/api.w.org\/{rel}","templated":true}]}}