{"id":5654,"date":"2022-02-09T10:58:04","date_gmt":"2022-02-09T08:58:04","guid":{"rendered":"https:\/\/caravel.gr\/profile\/"},"modified":"2026-03-24T17:29:48","modified_gmt":"2026-03-24T15:29:48","slug":"profile","status":"publish","type":"page","link":"https:\/\/caravel.gr\/fr\/profile\/","title":{"rendered":"Profile"},"content":{"rendered":"\t\t<div data-elementor-type=\"wp-page\" data-elementor-id=\"5654\" class=\"elementor elementor-5654 elementor-197\" data-elementor-post-type=\"page\">\n\t\t\t\t\t\t<section class=\"elementor-section elementor-top-section elementor-element elementor-element-4a0e6ba elementor-section-content-middle elementor-section-stretched elementor-section-boxed elementor-section-height-default elementor-section-height-default\" data-id=\"4a0e6ba\" data-element_type=\"section\" data-e-type=\"section\" data-settings=\"{&quot;stretch_section&quot;:&quot;section-stretched&quot;}\">\n\t\t\t\t\t\t<div class=\"elementor-container elementor-column-gap-default\">\n\t\t\t\t\t<div class=\"elementor-column elementor-col-50 elementor-top-column elementor-element elementor-element-614c86fd\" data-id=\"614c86fd\" data-element_type=\"column\" data-e-type=\"column\" data-settings=\"{&quot;animation_tablet&quot;:&quot;none&quot;,&quot;animation_mobile&quot;:&quot;none&quot;}\">\n\t\t\t<div class=\"elementor-widget-wrap elementor-element-populated\">\n\t\t\t\t\t\t<div class=\"elementor-element elementor-element-16a6f021 elementor-widget elementor-widget-image\" data-id=\"16a6f021\" data-element_type=\"widget\" data-e-type=\"widget\" data-widget_type=\"image.default\">\n\t\t\t\t<div class=\"elementor-widget-container\">\n\t\t\t\t\t\t\t\t\t\t\t\t\t\t\t<img decoding=\"async\" width=\"210\" height=\"80\" src=\"https:\/\/caravel.gr\/wp-content\/uploads\/2022\/02\/caravel-logo_0_0.jpg\" class=\"attachment-large size-large wp-image-2647\" alt=\"Rent a car Heraklion Airport - Your Ultimate Guide\" \/>\t\t\t\t\t\t\t\t\t\t\t\t\t\t\t<\/div>\n\t\t\t\t<\/div>\n\t\t\t\t\t<\/div>\n\t\t<\/div>\n\t\t\t\t<div class=\"elementor-column elementor-col-50 elementor-top-column elementor-element elementor-element-8a44527\" data-id=\"8a44527\" data-element_type=\"column\" data-e-type=\"column\">\n\t\t\t<div class=\"elementor-widget-wrap elementor-element-populated\">\n\t\t\t\t\t\t<div class=\"elementor-element elementor-element-4f1294b0 elementor-widget__width-initial elementor-absolute elementor-widget-mobile__width-initial elementor-widget elementor-widget-heading\" data-id=\"4f1294b0\" data-element_type=\"widget\" data-e-type=\"widget\" data-settings=\"{&quot;_position&quot;:&quot;absolute&quot;}\" data-widget_type=\"heading.default\">\n\t\t\t\t<div class=\"elementor-widget-container\">\n\t\t\t\t\t<h2 class=\"elementor-heading-title elementor-size-default\">CARAVELLE<\/h2>\t\t\t\t<\/div>\n\t\t\t\t<\/div>\n\t\t\t\t<div class=\"elementor-element elementor-element-1361ca69 premium-header-block premium-lq__none premium-box-lq__none elementor-widget elementor-widget-premium-addon-dual-header\" data-id=\"1361ca69\" data-element_type=\"widget\" data-e-type=\"widget\" data-settings=\"{&quot;_animation_tablet&quot;:&quot;none&quot;,&quot;_animation_mobile&quot;:&quot;none&quot;}\" data-widget_type=\"premium-addon-dual-header.default\">\n\t\t\t\t\t\n\t\t<div class=\"elementor-widget-container\">\n\t\t<div class=\"premium-dual-header-wrapper\">\n\t\t\t\t\t<h2 class=\"premium-dual-header-first-header \"><span class=\"premium-dual-header-first-span\">Location de voitures en Cr\u00e8te depuis 1979 <\/span><span class=\"premium-dual-header-second-header \">\u00c0 propos de nous - caravel RENT A CAR <\/span><\/h2> \t\t\t\t\t\t<\/div>\n\t\t<\/div>\n\n\t\t\t\t\t\t<\/div>\n\t\t\t\t<div class=\"elementor-element elementor-element-4935e4d6 elementor-widget-divider--view-line elementor-widget elementor-widget-divider\" data-id=\"4935e4d6\" data-element_type=\"widget\" data-e-type=\"widget\" data-settings=\"{&quot;_animation_tablet&quot;:&quot;none&quot;,&quot;_animation_mobile&quot;:&quot;none&quot;}\" data-widget_type=\"divider.default\">\n\t\t\t\t<div class=\"elementor-widget-container\">\n\t\t\t\t\t\t\t<div class=\"elementor-divider\">\n\t\t\t<span class=\"elementor-divider-separator\">\n\t\t\t\t\t\t<\/span>\n\t\t<\/div>\n\t\t\t\t\t\t<\/div>\n\t\t\t\t<\/div>\n\t\t\t\t<div class=\"elementor-element elementor-element-688302a elementor-widget elementor-widget-text-editor\" data-id=\"688302a\" data-element_type=\"widget\" data-e-type=\"widget\" data-settings=\"{&quot;_animation_tablet&quot;:&quot;none&quot;,&quot;_animation_mobile&quot;:&quot;none&quot;}\" data-widget_type=\"text-editor.default\">\n\t\t\t\t<div class=\"elementor-widget-container\">\n\t\t\t\t\t\t\t\t\t<p>Louer une voiture en Cr\u00e8te n&rsquo;a jamais \u00e9t\u00e9 aussi simple ! Chez Caravel Location de voitures en Cr\u00e8te, nous sommes fiers de notre flotte et de la vari\u00e9t\u00e9 et de la qualit\u00e9 des v\u00e9hicules que nous proposons \u00e0 nos clients. Pour nous, la location de voitures est plus qu&rsquo;une affaire, vous pouvez donc louer une voiture sans carte de cr\u00e9dit.<\/p><p>Notre flotte des derniers mod\u00e8les offre une location de voiture bon march\u00e9 et est \u00e0 votre disposition que ce soit pour les affaires ou le plaisir. Avec Caravel Car Rental Cr\u00e8te, les clients n&rsquo;ont pas seulement une voiture, ils ont 40 ans d&rsquo;exp\u00e9rience \u00e0 leurs c\u00f4t\u00e9s. Et tout cela aux meilleurs prix dans les services de location de voitures.<\/p><p>Avec des succursales dans toute la Cr\u00e8te \u00e0<a href=\"https:\/\/caravel.gr\/your-ultimate-guide-to-renting-a-car-at-heraklion-airport\/\"> l&rsquo;a\u00e9roport d&rsquo;H\u00e9raklion<\/a>, <a href=\"https:\/\/caravel.gr\/chania-airport-rent-a-car\/\">l&rsquo;a\u00e9roport de La Can\u00e9e<\/a>, le port d&rsquo;H\u00e9raklion, le port de La Can\u00e9e, la ville d&rsquo;H\u00e9raklion, la ville de La Can\u00e9e, <a href=\"https:\/\/caravel.gr\/rent-a-car-stalis\/\">Stalis<\/a>, <a href=\"https:\/\/caravel.gr\/rent-a-car-hersonissos\/\">Hersonisos <\/a>et Rethimno, notre personnel comp\u00e9tent et d\u00e9vou\u00e9 propose un service de location de voiture personnel et professionnel en Cr\u00e8te 24h\/24. Nos bureaux sont ouverts de 06h00 \u00e0 23h00. Nous livrons et r\u00e9cup\u00e9rons les voitures \u00e0 tout moment \u00e0 l&rsquo;a\u00e9roport d&rsquo;H\u00e9raklion, \u00e0 l&rsquo;a\u00e9roport de La Can\u00e9e, au port d&rsquo;H\u00e9raklion, au port de La Can\u00e9e et dans tous les h\u00f4tels de Cr\u00e8te.<\/p>\t\t\t\t\t\t\t\t<\/div>\n\t\t\t\t<\/div>\n\t\t\t\t\t<\/div>\n\t\t<\/div>\n\t\t\t\t\t<\/div>\n\t\t<\/section>\n\t\t\t\t<section class=\"elementor-section elementor-top-section elementor-element elementor-element-1bebc5f9 elementor-section-full_width elementor-section-content-middle elementor-section-height-default elementor-section-height-default\" data-id=\"1bebc5f9\" data-element_type=\"section\" data-e-type=\"section\" data-settings=\"{&quot;background_background&quot;:&quot;classic&quot;}\">\n\t\t\t\t\t\t<div class=\"elementor-container elementor-column-gap-no\">\n\t\t\t\t\t<div class=\"elementor-column elementor-col-100 elementor-top-column elementor-element elementor-element-4b47578b\" data-id=\"4b47578b\" data-element_type=\"column\" data-e-type=\"column\">\n\t\t\t<div class=\"elementor-widget-wrap elementor-element-populated\">\n\t\t\t\t\t\t<section class=\"elementor-section elementor-inner-section elementor-element elementor-element-7db09de1 elementor-section-content-top elementor-section-boxed elementor-section-height-default elementor-section-height-default\" data-id=\"7db09de1\" data-element_type=\"section\" data-e-type=\"section\">\n\t\t\t\t\t\t<div class=\"elementor-container elementor-column-gap-default\">\n\t\t\t\t\t<div class=\"elementor-column elementor-col-100 elementor-inner-column elementor-element elementor-element-7a697260\" data-id=\"7a697260\" data-element_type=\"column\" data-e-type=\"column\">\n\t\t\t<div class=\"elementor-widget-wrap elementor-element-populated\">\n\t\t\t\t\t\t<div class=\"elementor-element elementor-element-342e4720 premium-header-block premium-lq__none premium-box-lq__none elementor-widget elementor-widget-premium-addon-dual-header\" data-id=\"342e4720\" data-element_type=\"widget\" data-e-type=\"widget\" data-widget_type=\"premium-addon-dual-header.default\">\n\t\t\t\t\t\n\t\t<div class=\"elementor-widget-container\">\n\t\t<div class=\"premium-dual-header-wrapper\">\n\t\t\t\t\t<h2 class=\"premium-dual-header-first-header  gradient\"><span class=\"premium-dual-header-first-span\">Caravel - Car Rental Crete <\/span><span class=\"premium-dual-header-second-header \">Un r\u00eave est n\u00e9<\/span><\/h2> \t\t\t\t\t\t<\/div>\n\t\t<\/div>\n\n\t\t\t\t\t\t<\/div>\n\t\t\t\t<div class=\"elementor-element elementor-element-40cd2e67 elementor-widget elementor-widget-text-editor\" data-id=\"40cd2e67\" data-element_type=\"widget\" data-e-type=\"widget\" data-widget_type=\"text-editor.default\">\n\t\t\t\t<div class=\"elementor-widget-container\">\n\t\t\t\t\t\t\t\t\t<p> Caravel Rent a Car Crete a \u00e9t\u00e9 fond\u00e9e en 1979 en tant qu&rsquo;entreprise priv\u00e9e. Apr\u00e8s de nombreuses ann\u00e9es de croissance soutenue, nous avons d\u00e9cid\u00e9 de la transformer en soci\u00e9t\u00e9 par actions. Cette d\u00e9cision a \u00e9t\u00e9 prise suite \u00e0 la progression rapide de l&rsquo;entreprise, tant au niveau du parc automobile et des bureaux que du personnel et du chiffre d&rsquo;affaires. Nous disposions ainsi de tous les atouts n\u00e9cessaires \u2013 infrastructures et capital \u2013 pour transformer notre entreprise, financi\u00e8rement saine, en soci\u00e9t\u00e9 par actions.   <\/p>\t\t\t\t\t\t\t\t<\/div>\n\t\t\t\t<\/div>\n\t\t\t\t<div class=\"elementor-element elementor-element-480eea6 premium-header-block premium-lq__none premium-box-lq__none elementor-widget elementor-widget-premium-addon-dual-header\" data-id=\"480eea6\" data-element_type=\"widget\" data-e-type=\"widget\" data-widget_type=\"premium-addon-dual-header.default\">\n\t\t\t\t\t\n\t\t<div class=\"elementor-widget-container\">\n\t\t<div class=\"premium-dual-header-wrapper\">\n\t\t\t\t\t<h2 class=\"premium-dual-header-first-header  gradient\"><span class=\"premium-dual-header-first-span\">STATUT PROFESSIONNEL ET PROJETS D'AVENIR <\/span><span class=\"premium-dual-header-second-header \">Nos services sont du plus haut niveau.<\/span><\/h2> \t\t\t\t\t\t<\/div>\n\t\t<\/div>\n\n\t\t\t\t\t\t<\/div>\n\t\t\t\t<div class=\"elementor-element elementor-element-dac9201 elementor-widget elementor-widget-text-editor\" data-id=\"dac9201\" data-element_type=\"widget\" data-e-type=\"widget\" data-widget_type=\"text-editor.default\">\n\t\t\t\t<div class=\"elementor-widget-container\">\n\t\t\t\t\t\t\t\t\t<p>CARAVEL Location de Voitures Cr\u00e8te propose une gamme compl\u00e8te de services de location de v\u00e9hicules. Nos prestations sont d&rsquo;une qualit\u00e9 irr\u00e9prochable. Notre fiabilit\u00e9 et nos prix tr\u00e8s comp\u00e9titifs sont nos atouts majeurs. Nous nous lancerons prochainement dans le tourisme r\u00e9ceptif avec des services de prise en charge et de transfert, des excursions, la billetterie (avions, bus, etc.), les r\u00e9servations d&rsquo;h\u00f4tels, etc. Ce serait un honneur pour nous de repr\u00e9senter votre entreprise en Cr\u00e8te aupr\u00e8s de votre client\u00e8le touristique.    <\/p>\t\t\t\t\t\t\t\t<\/div>\n\t\t\t\t<\/div>\n\t\t\t\t\t<\/div>\n\t\t<\/div>\n\t\t\t\t\t<\/div>\n\t\t<\/section>\n\t\t\t\t\t<\/div>\n\t\t<\/div>\n\t\t\t\t\t<\/div>\n\t\t<\/section>\n\t\t\t\t<section class=\"elementor-section elementor-top-section elementor-element elementor-element-8b01560 elementor-section-height-min-height elementor-section-content-middle elementor-section-boxed elementor-section-height-default elementor-section-items-middle\" data-id=\"8b01560\" data-element_type=\"section\" data-e-type=\"section\" data-settings=\"{&quot;background_background&quot;:&quot;classic&quot;,&quot;background_motion_fx_motion_fx_scrolling&quot;:&quot;yes&quot;,&quot;background_motion_fx_translateY_effect&quot;:&quot;yes&quot;,&quot;background_motion_fx_translateY_speed&quot;:{&quot;unit&quot;:&quot;px&quot;,&quot;size&quot;:5,&quot;sizes&quot;:[]},&quot;background_motion_fx_scale_effect&quot;:&quot;yes&quot;,&quot;background_motion_fx_scale_direction&quot;:&quot;in-out&quot;,&quot;background_motion_fx_range&quot;:&quot;viewport&quot;,&quot;background_motion_fx_translateY_affectedRange&quot;:{&quot;unit&quot;:&quot;%&quot;,&quot;size&quot;:&quot;&quot;,&quot;sizes&quot;:{&quot;start&quot;:0,&quot;end&quot;:100}},&quot;background_motion_fx_scale_speed&quot;:{&quot;unit&quot;:&quot;px&quot;,&quot;size&quot;:4,&quot;sizes&quot;:[]},&quot;background_motion_fx_scale_range&quot;:{&quot;unit&quot;:&quot;%&quot;,&quot;size&quot;:&quot;&quot;,&quot;sizes&quot;:{&quot;start&quot;:20,&quot;end&quot;:80}},&quot;background_motion_fx_devices&quot;:[&quot;desktop&quot;,&quot;tablet&quot;,&quot;mobile&quot;]}\">\n\t\t\t\t\t\t<div class=\"elementor-container elementor-column-gap-default\">\n\t\t\t\t\t<div class=\"elementor-column elementor-col-100 elementor-top-column elementor-element elementor-element-97cb31b\" data-id=\"97cb31b\" data-element_type=\"column\" data-e-type=\"column\">\n\t\t\t<div class=\"elementor-widget-wrap elementor-element-populated\">\n\t\t\t\t\t\t\t<\/div>\n\t\t<\/div>\n\t\t\t\t\t<\/div>\n\t\t<\/section>\n\t\t\t\t<section class=\"elementor-section elementor-top-section elementor-element elementor-element-4e77c88 elementor-section-full_width elementor-section-content-middle elementor-section-height-default elementor-section-height-default\" data-id=\"4e77c88\" data-element_type=\"section\" data-e-type=\"section\" data-settings=\"{&quot;background_background&quot;:&quot;classic&quot;}\">\n\t\t\t\t\t\t<div class=\"elementor-container elementor-column-gap-no\">\n\t\t\t\t\t<div class=\"elementor-column elementor-col-100 elementor-top-column elementor-element elementor-element-dac69dd\" data-id=\"dac69dd\" data-element_type=\"column\" data-e-type=\"column\">\n\t\t\t<div class=\"elementor-widget-wrap elementor-element-populated\">\n\t\t\t\t\t\t<section class=\"elementor-section elementor-inner-section elementor-element elementor-element-d2e375c elementor-section-content-top elementor-section-boxed elementor-section-height-default elementor-section-height-default\" data-id=\"d2e375c\" data-element_type=\"section\" data-e-type=\"section\">\n\t\t\t\t\t\t<div class=\"elementor-container elementor-column-gap-default\">\n\t\t\t\t\t<div class=\"elementor-column elementor-col-100 elementor-inner-column elementor-element elementor-element-f3ee954\" data-id=\"f3ee954\" data-element_type=\"column\" data-e-type=\"column\">\n\t\t\t<div class=\"elementor-widget-wrap elementor-element-populated\">\n\t\t\t\t\t\t<div class=\"elementor-element elementor-element-1af84f8 premium-header-block premium-lq__none premium-box-lq__none elementor-widget elementor-widget-premium-addon-dual-header\" data-id=\"1af84f8\" data-element_type=\"widget\" data-e-type=\"widget\" data-widget_type=\"premium-addon-dual-header.default\">\n\t\t\t\t\t\n\t\t<div class=\"elementor-widget-container\">\n\t\t<div class=\"premium-dual-header-wrapper\">\n\t\t\t\t\t<h2 class=\"premium-dual-header-first-header  gradient\"><span class=\"premium-dual-header-first-span\">Voitures <\/span><span class=\"premium-dual-header-second-header \">+450 voitures<\/span><\/h2> \t\t\t\t\t\t<\/div>\n\t\t<\/div>\n\n\t\t\t\t\t\t<\/div>\n\t\t\t\t<div class=\"elementor-element elementor-element-d34f0cf elementor-widget elementor-widget-text-editor\" data-id=\"d34f0cf\" data-element_type=\"widget\" data-e-type=\"widget\" data-widget_type=\"text-editor.default\">\n\t\t\t\t<div class=\"elementor-widget-container\">\n\t\t\t\t\t\t\t\t\t<p class=\"rtejustify\"><strong>CARAVEL Rent A Car Crete<\/strong> dispose d&rsquo;environ 450 v\u00e9hicules de toutes cat\u00e9gories : citadines, berlines, grandes voitures, automatiques, cabriolets, 4&#215;4 et minibus. Nous sommes en mesure de satisfaire les clients les plus exigeants. Notre principe est de renouveler notre flotte tous les trois ans et nous veillons \u00e0 ce que tous nos v\u00e9hicules soient en parfait \u00e9tat de fonctionnement gr\u00e2ce \u00e0 un entretien r\u00e9gulier et approfondi.   <\/p><p class=\"rtejustify\">You can check our fleet <a href=\"https:\/\/caravel.gr\/fr\/our-fleet-fr\/\" target=\"_blank\" rel=\"noopener\">here<\/a>.<\/p>\t\t\t\t\t\t\t\t<\/div>\n\t\t\t\t<\/div>\n\t\t\t\t<div class=\"elementor-element elementor-element-96b2496 premium-header-block premium-lq__none premium-box-lq__none elementor-widget elementor-widget-premium-addon-dual-header\" data-id=\"96b2496\" data-element_type=\"widget\" data-e-type=\"widget\" data-widget_type=\"premium-addon-dual-header.default\">\n\t\t\t\t\t\n\t\t<div class=\"elementor-widget-container\">\n\t\t<div class=\"premium-dual-header-wrapper\">\n\t\t\t\t\t<h2 class=\"premium-dual-header-first-header  gradient\"><span class=\"premium-dual-header-first-span\">SUCCURSALES ET PERSONNEL <\/span><span class=\"premium-dual-header-second-header \">Six succursales r\u00e9parties dans toute la Cr\u00e8te<\/span><\/h2> \t\t\t\t\t\t<\/div>\n\t\t<\/div>\n\n\t\t\t\t\t\t<\/div>\n\t\t\t\t<div class=\"elementor-element elementor-element-441f61a elementor-widget elementor-widget-text-editor\" data-id=\"441f61a\" data-element_type=\"widget\" data-e-type=\"widget\" data-widget_type=\"text-editor.default\">\n\t\t\t\t<div class=\"elementor-widget-container\">\n\t\t\t\t\t\t\t\t\t<p>Notre entreprise poss\u00e8de six agences r\u00e9parties sur l&rsquo;ensemble du territoire cr\u00e8te. Deux agences sont situ\u00e9es \u00e0 H\u00e9raklion, la capitale et centre commercial de l&rsquo;\u00eele. Vous nous trouverez sur l&rsquo;art\u00e8re principale reliant le port au c\u0153ur de la ville, o\u00f9 se trouvent \u00e9galement des agences de voyages, des banques, etc. Le port est \u00e0 seulement 300 m, le mus\u00e9e \u00e0 250 m et l&rsquo;a\u00e9roport international d&rsquo;H\u00e9raklion \u00e0 2 km. Une agence se trouve \u00e0 l&rsquo;a\u00e9roport de La Can\u00e9e, \u00e0 seulement 200 m\u00e8tres du b\u00e2timent principal, sur le parking GR. Une autre agence est situ\u00e9e dans le c\u00e9l\u00e8bre quartier de Limenas Hersonissou (ou Hersonissos). Enfin, deux agences sont implant\u00e9es dans le centre de Stalis (ou Stalida). Par ailleurs, notre entreprise dispose de deux vastes garages \u00e9quip\u00e9s des technologies les plus modernes pour l&rsquo;entretien optimal de nos v\u00e9hicules. Notre \u00e9quipe compte 25 personnes : 10 techniciens, 10 vendeurs et 5 personnes charg\u00e9es de la livraison et de la reprise des v\u00e9hicules.         <\/p>\t\t\t\t\t\t\t\t<\/div>\n\t\t\t\t<\/div>\n\t\t\t\t<div class=\"elementor-element elementor-element-761a6eb elementor-widget elementor-widget-text-editor\" data-id=\"761a6eb\" data-element_type=\"widget\" data-e-type=\"widget\" data-widget_type=\"text-editor.default\">\n\t\t\t\t<div class=\"elementor-widget-container\">\n\t\t\t\t\t\t\t\t\t<p style=\"text-align: center;\"><strong>SERVICES PROPOS\u00c9S<\/strong><br>Livraison et enl\u00e8vement 24h\/24 dans toute la Cr\u00e8te.<br>Assistance technique 24h\/24 dans toute la Cr\u00e8te assur\u00e9e par notre personnel hautement qualifi\u00e9.<br>Assurance tous risques pour le v\u00e9hicule et ses occupants.<\/p>\t\t\t\t\t\t\t\t<\/div>\n\t\t\t\t<\/div>\n\t\t\t\t\t<\/div>\n\t\t<\/div>\n\t\t\t\t\t<\/div>\n\t\t<\/section>\n\t\t\t\t\t<\/div>\n\t\t<\/div>\n\t\t\t\t\t<\/div>\n\t\t<\/section>\n\t\t\t\t<section class=\"elementor-section elementor-top-section elementor-element elementor-element-87359ed elementor-section-boxed elementor-section-height-default elementor-section-height-default\" data-id=\"87359ed\" data-element_type=\"section\" data-e-type=\"section\">\n\t\t\t\t\t\t<div class=\"elementor-container elementor-column-gap-default\">\n\t\t\t\t\t<div class=\"elementor-column elementor-col-100 elementor-top-column elementor-element elementor-element-aa27ef5\" data-id=\"aa27ef5\" data-element_type=\"column\" data-e-type=\"column\">\n\t\t\t<div class=\"elementor-widget-wrap elementor-element-populated\">\n\t\t\t\t\t\t<div class=\"elementor-element elementor-element-30de909 elementor-arrows-position-inside elementor-pagination-position-outside elementor-widget elementor-widget-image-carousel\" data-id=\"30de909\" data-element_type=\"widget\" data-e-type=\"widget\" data-settings=\"{&quot;slides_to_show&quot;:&quot;3&quot;,&quot;slides_to_scroll&quot;:&quot;1&quot;,&quot;image_spacing_custom&quot;:{&quot;unit&quot;:&quot;px&quot;,&quot;size&quot;:10,&quot;sizes&quot;:[]},&quot;navigation&quot;:&quot;both&quot;,&quot;autoplay&quot;:&quot;yes&quot;,&quot;pause_on_hover&quot;:&quot;yes&quot;,&quot;pause_on_interaction&quot;:&quot;yes&quot;,&quot;autoplay_speed&quot;:5000,&quot;infinite&quot;:&quot;yes&quot;,&quot;speed&quot;:500,&quot;image_spacing_custom_tablet&quot;:{&quot;unit&quot;:&quot;px&quot;,&quot;size&quot;:&quot;&quot;,&quot;sizes&quot;:[]},&quot;image_spacing_custom_mobile&quot;:{&quot;unit&quot;:&quot;px&quot;,&quot;size&quot;:&quot;&quot;,&quot;sizes&quot;:[]}}\" data-widget_type=\"image-carousel.default\">\n\t\t\t\t<div class=\"elementor-widget-container\">\n\t\t\t\t\t\t\t<div class=\"elementor-image-carousel-wrapper swiper\" role=\"region\" aria-roledescription=\"carousel\" aria-label=\"Image Carousel\" dir=\"ltr\">\n\t\t\t<div class=\"elementor-image-carousel swiper-wrapper\" aria-live=\"off\">\n\t\t\t\t\t\t\t\t<div class=\"swiper-slide\" role=\"group\" aria-roledescription=\"slide\" aria-label=\"1 sur 5\"><a data-elementor-open-lightbox=\"yes\" data-elementor-lightbox-slideshow=\"30de909\" data-elementor-lightbox-title=\"hyundai-i10-new\" data-elementor-lightbox-description=\"Car rental Crete with Caravel  - Hyundai i10\" data-e-action-hash=\"#elementor-action%3Aaction%3Dlightbox%26settings%3DeyJpZCI6Mjk1MSwidXJsIjoiaHR0cHM6XC9cL2NhcmF2ZWwuZ3JcL3dwLWNvbnRlbnRcL3VwbG9hZHNcLzIwMjJcLzAyXC9oeXVuZGFpLWkxMC1uZXcuanBnIiwic2xpZGVzaG93IjoiMzBkZTkwOSJ9\" href=\"https:\/\/caravel.gr\/wp-content\/uploads\/2022\/02\/hyundai-i10-new.jpg\"><figure class=\"swiper-slide-inner\"><img decoding=\"async\" class=\"swiper-slide-image\" src=\"https:\/\/caravel.gr\/wp-content\/uploads\/elementor\/thumbs\/hyundai-i10-new-qycoyn73tbwymvbixoe683ywj5yjhbq6tt4h5x0la0.jpg\" alt=\"Hyundai i10\" \/><figcaption class=\"elementor-image-carousel-caption\">hyundai-i10-new<\/figcaption><\/figure><\/a><\/div><div class=\"swiper-slide\" role=\"group\" aria-roledescription=\"slide\" aria-label=\"2 sur 5\"><a data-elementor-open-lightbox=\"yes\" data-elementor-lightbox-slideshow=\"30de909\" data-elementor-lightbox-title=\"fiat panda new\" data-elementor-lightbox-description=\"Car rental Crete with Caravel  - Fiat Panda\" data-e-action-hash=\"#elementor-action%3Aaction%3Dlightbox%26settings%3DeyJpZCI6Mjk1OSwidXJsIjoiaHR0cHM6XC9cL2NhcmF2ZWwuZ3JcL3dwLWNvbnRlbnRcL3VwbG9hZHNcLzIwMjJcLzAyXC9maWF0LXBhbmRhLW5ldy5qcGciLCJzbGlkZXNob3ciOiIzMGRlOTA5In0%3D\" href=\"https:\/\/caravel.gr\/wp-content\/uploads\/2022\/02\/fiat-panda-new.jpg\"><figure class=\"swiper-slide-inner\"><img decoding=\"async\" class=\"swiper-slide-image\" src=\"https:\/\/caravel.gr\/wp-content\/uploads\/elementor\/thumbs\/fiat-panda-new-qycoxzp52h0skm9nqw8hzrwdoj6d4w4wektc5zzflk.jpg\" alt=\"Fiat Panda\" \/><figcaption class=\"elementor-image-carousel-caption\">fiat panda new<\/figcaption><\/figure><\/a><\/div><div class=\"swiper-slide\" role=\"group\" aria-roledescription=\"slide\" aria-label=\"3 sur 5\"><a data-elementor-open-lightbox=\"yes\" data-elementor-lightbox-slideshow=\"30de909\" data-elementor-lightbox-title=\"a-class\" data-elementor-lightbox-description=\"Car rental Crete with Caravel  - Mercedes A Class\" data-e-action-hash=\"#elementor-action%3Aaction%3Dlightbox%26settings%3DeyJpZCI6MjkzNywidXJsIjoiaHR0cHM6XC9cL2NhcmF2ZWwuZ3JcL3dwLWNvbnRlbnRcL3VwbG9hZHNcLzIwMjJcLzAyXC9hLWNsYXNzLmpwZyIsInNsaWRlc2hvdyI6IjMwZGU5MDkifQ%3D%3D\" href=\"https:\/\/caravel.gr\/wp-content\/uploads\/2022\/02\/a-class.jpg\"><figure class=\"swiper-slide-inner\"><img decoding=\"async\" class=\"swiper-slide-image\" src=\"https:\/\/caravel.gr\/wp-content\/uploads\/elementor\/thumbs\/a-class-qycp0ivhhehlusl7yhnb7mw3awoyvj6v343fpu88u0.jpg\" alt=\"Mercentes A Class\" \/><figcaption class=\"elementor-image-carousel-caption\">a-class<\/figcaption><\/figure><\/a><\/div><div class=\"swiper-slide\" role=\"group\" aria-roledescription=\"slide\" aria-label=\"4 sur 5\"><a data-elementor-open-lightbox=\"yes\" data-elementor-lightbox-slideshow=\"30de909\" data-elementor-lightbox-title=\"fiat 500 cabrio\" data-elementor-lightbox-description=\"Car rental Crete with Caravel  - Fiat 500 Cabrio\" data-e-action-hash=\"#elementor-action%3Aaction%3Dlightbox%26settings%3DeyJpZCI6Mjk3OSwidXJsIjoiaHR0cHM6XC9cL2NhcmF2ZWwuZ3JcL3dwLWNvbnRlbnRcL3VwbG9hZHNcLzIwMjJcLzAyXC9maWF0LTUwMC1jYWJyaW8uanBnIiwic2xpZGVzaG93IjoiMzBkZTkwOSJ9\" href=\"https:\/\/caravel.gr\/wp-content\/uploads\/2022\/02\/fiat-500-cabrio.jpg\"><figure class=\"swiper-slide-inner\"><img decoding=\"async\" class=\"swiper-slide-image\" src=\"https:\/\/caravel.gr\/wp-content\/uploads\/elementor\/thumbs\/fiat-500-cabrio-qycox7hzdfy6wbembk1owz0juz1cpz0yap8rrp58s8.jpg\" alt=\"Fiat 500 Cabrio\" \/><figcaption class=\"elementor-image-carousel-caption\">fiat 500 cabrio<\/figcaption><\/figure><\/a><\/div><div class=\"swiper-slide\" role=\"group\" aria-roledescription=\"slide\" aria-label=\"5 sur 5\"><a data-elementor-open-lightbox=\"yes\" data-elementor-lightbox-slideshow=\"30de909\" data-elementor-lightbox-title=\"location voiture Cr\u00e8te\" data-elementor-lightbox-description=\"location voiture Cr\u00e8te\" data-e-action-hash=\"#elementor-action%3Aaction%3Dlightbox%26settings%3DeyJpZCI6Mjk4OSwidXJsIjoiaHR0cHM6XC9cL2NhcmF2ZWwuZ3JcL3dwLWNvbnRlbnRcL3VwbG9hZHNcLzIwMjJcLzAyXC9hdWRpLWEzLWNhYnJpby1hdXRvXzAuanBnIiwic2xpZGVzaG93IjoiMzBkZTkwOSJ9\" href=\"https:\/\/caravel.gr\/wp-content\/uploads\/2022\/02\/audi-a3-cabrio-auto_0.jpg\"><figure class=\"swiper-slide-inner\"><img decoding=\"async\" class=\"swiper-slide-image\" src=\"https:\/\/caravel.gr\/wp-content\/uploads\/elementor\/thumbs\/audi-a3-cabrio-auto_0-qycownrddx764i7aitiiylzvdvqn8bul7zjkovyiew.jpg\" alt=\"location voiture Cr\u00e8te\" \/><figcaption class=\"elementor-image-carousel-caption\">location voiture Cr\u00e8te<\/figcaption><\/figure><\/a><\/div>\t\t\t<\/div>\n\t\t\t\t\t\t\t\t\t\t\t\t<div class=\"elementor-swiper-button elementor-swiper-button-prev\" role=\"button\" tabindex=\"0\">\n\t\t\t\t\t\t<i aria-hidden=\"true\" class=\"eicon-chevron-left\"><\/i>\t\t\t\t\t<\/div>\n\t\t\t\t\t<div class=\"elementor-swiper-button elementor-swiper-button-next\" role=\"button\" tabindex=\"0\">\n\t\t\t\t\t\t<i aria-hidden=\"true\" class=\"eicon-chevron-right\"><\/i>\t\t\t\t\t<\/div>\n\t\t\t\t\n\t\t\t\t\t\t\t\t\t<div class=\"swiper-pagination\"><\/div>\n\t\t\t\t\t\t\t\t\t<\/div>\n\t\t\t\t\t\t<\/div>\n\t\t\t\t<\/div>\n\t\t\t\t\t<\/div>\n\t\t<\/div>\n\t\t\t\t\t<\/div>\n\t\t<\/section>\n\t\t\t\t<section class=\"elementor-section elementor-top-section elementor-element elementor-element-fc65994 elementor-section-boxed elementor-section-height-default elementor-section-height-default\" data-id=\"fc65994\" data-element_type=\"section\" data-e-type=\"section\">\n\t\t\t\t\t\t<div class=\"elementor-container elementor-column-gap-default\">\n\t\t\t\t\t<div class=\"elementor-column elementor-col-100 elementor-top-column elementor-element elementor-element-f78149d\" data-id=\"f78149d\" data-element_type=\"column\" data-e-type=\"column\">\n\t\t\t<div class=\"elementor-widget-wrap elementor-element-populated\">\n\t\t\t\t\t\t<div class=\"elementor-element elementor-element-4ffe661 elementor-widget elementor-widget-heading\" data-id=\"4ffe661\" data-element_type=\"widget\" data-e-type=\"widget\" data-widget_type=\"heading.default\">\n\t\t\t\t<div class=\"elementor-widget-container\">\n\t\t\t\t\t<h2 class=\"elementor-heading-title elementor-size-default\"><a href=\"https:\/\/www.google.com\/maps\/search\/caravel+car+rental\/@35.3245925,24.998296,11z\/data=!3m1!4b1\">Trouvez Caravel Car Rental Crete sur Google Maps<\/a><\/h2>\t\t\t\t<\/div>\n\t\t\t\t<\/div>\n\t\t\t\t\t<\/div>\n\t\t<\/div>\n\t\t\t\t\t<\/div>\n\t\t<\/section>\n\t\t\t\t<\/div>\n\t\t","protected":false},"excerpt":{"rendered":"<p>CARAVELLE Location de voitures en Cr\u00e8te depuis 1979 \u00c0 propos de nous &#8211; caravel RENT A CAR Louer une voiture en Cr\u00e8te n&rsquo;a jamais \u00e9t\u00e9 aussi simple ! Chez Caravel Location de voitures en Cr\u00e8te, nous sommes fiers de notre flotte et de la vari\u00e9t\u00e9 et de la qualit\u00e9 des v\u00e9hicules que nous proposons \u00e0 [&hellip;]<\/p>\n","protected":false},"author":4,"featured_media":3663,"parent":0,"menu_order":0,"comment_status":"closed","ping_status":"closed","template":"","meta":{"footnotes":""},"class_list":["post-5654","page","type-page","status-publish","has-post-thumbnail","hentry"],"yoast_head":"<!-- This site is optimized with the Yoast SEO Premium plugin v22.7 (Yoast SEO v27.5) - https:\/\/yoast.com\/product\/yoast-seo-premium-wordpress\/ -->\n<title>Location de voiture en Cr\u00e8te avec Caravel Rent A Car \u2022 Profil de notre entreprise<\/title>\n<meta name=\"description\" content=\"Louez une voiture en Cr\u00e8te avec Caravel pour des milliers de raisons ! Chez Caravel Location de voitures en Cr\u00e8te, nous sommes fiers de notre flotte, de sa vari\u00e9t\u00e9 et de sa qualit\u00e9...\" \/>\n<meta name=\"robots\" content=\"index, follow, max-snippet:-1, max-image-preview:large, max-video-preview:-1\" \/>\n<link rel=\"canonical\" href=\"https:\/\/caravel.gr\/fr\/profile\/\" \/>\n<meta property=\"og:locale\" content=\"fr_FR\" \/>\n<meta property=\"og:type\" content=\"article\" \/>\n<meta property=\"og:title\" content=\"Profile\" \/>\n<meta property=\"og:description\" content=\"Louez une voiture en Cr\u00e8te avec Caravel pour des milliers de raisons ! Chez Caravel Location de voitures en Cr\u00e8te, nous sommes fiers de notre flotte, de sa vari\u00e9t\u00e9 et de sa qualit\u00e9...\" \/>\n<meta property=\"og:url\" content=\"https:\/\/caravel.gr\/fr\/profile\/\" \/>\n<meta property=\"og:site_name\" content=\"Rent A Car Crete with Caravel\" \/>\n<meta property=\"article:modified_time\" content=\"2026-03-24T15:29:48+00:00\" \/>\n<meta property=\"og:image\" content=\"https:\/\/caravel.gr\/wp-content\/uploads\/2022\/04\/2.jpg\" \/>\n\t<meta property=\"og:image:width\" content=\"1281\" \/>\n\t<meta property=\"og:image:height\" content=\"957\" \/>\n\t<meta property=\"og:image:type\" content=\"image\/jpeg\" \/>\n<meta name=\"twitter:card\" content=\"summary_large_image\" \/>\n<meta name=\"twitter:label1\" content=\"Dur\u00e9e de lecture estim\u00e9e\" \/>\n\t<meta name=\"twitter:data1\" content=\"4 minutes\" \/>\n<script type=\"application\/ld+json\" class=\"yoast-schema-graph\">{\"@context\":\"https:\\\/\\\/schema.org\",\"@graph\":[{\"@type\":\"WebPage\",\"@id\":\"https:\\\/\\\/caravel.gr\\\/fr\\\/profile\\\/\",\"url\":\"https:\\\/\\\/caravel.gr\\\/fr\\\/profile\\\/\",\"name\":\"Location de voiture en Cr\u00e8te avec Caravel Rent A Car \u2022 Profil de notre entreprise\",\"isPartOf\":{\"@id\":\"https:\\\/\\\/caravel.gr\\\/#website\"},\"primaryImageOfPage\":{\"@id\":\"https:\\\/\\\/caravel.gr\\\/fr\\\/profile\\\/#primaryimage\"},\"image\":{\"@id\":\"https:\\\/\\\/caravel.gr\\\/fr\\\/profile\\\/#primaryimage\"},\"thumbnailUrl\":\"https:\\\/\\\/caravel.gr\\\/wp-content\\\/uploads\\\/2022\\\/04\\\/2.jpg\",\"datePublished\":\"2022-02-09T08:58:04+00:00\",\"dateModified\":\"2026-03-24T15:29:48+00:00\",\"description\":\"Louez une voiture en Cr\u00e8te avec Caravel pour des milliers de raisons ! Chez Caravel Location de voitures en Cr\u00e8te, nous sommes fiers de notre flotte, de sa vari\u00e9t\u00e9 et de sa qualit\u00e9...\",\"breadcrumb\":{\"@id\":\"https:\\\/\\\/caravel.gr\\\/fr\\\/profile\\\/#breadcrumb\"},\"inLanguage\":\"fr-FR\",\"potentialAction\":[{\"@type\":\"ReadAction\",\"target\":[\"https:\\\/\\\/caravel.gr\\\/fr\\\/profile\\\/\"]}]},{\"@type\":\"ImageObject\",\"inLanguage\":\"fr-FR\",\"@id\":\"https:\\\/\\\/caravel.gr\\\/fr\\\/profile\\\/#primaryimage\",\"url\":\"https:\\\/\\\/caravel.gr\\\/wp-content\\\/uploads\\\/2022\\\/04\\\/2.jpg\",\"contentUrl\":\"https:\\\/\\\/caravel.gr\\\/wp-content\\\/uploads\\\/2022\\\/04\\\/2.jpg\",\"width\":1281,\"height\":957,\"caption\":\"Rent a car Heraklion airport with Caravel.\"},{\"@type\":\"BreadcrumbList\",\"@id\":\"https:\\\/\\\/caravel.gr\\\/fr\\\/profile\\\/#breadcrumb\",\"itemListElement\":[{\"@type\":\"ListItem\",\"position\":1,\"name\":\"Home\",\"item\":\"https:\\\/\\\/caravel.gr\\\/\"},{\"@type\":\"ListItem\",\"position\":2,\"name\":\"Profile\"}]},{\"@type\":\"WebSite\",\"@id\":\"https:\\\/\\\/caravel.gr\\\/#website\",\"url\":\"https:\\\/\\\/caravel.gr\\\/\",\"name\":\"Rent A Car Crete with Caravel\",\"description\":\"Car Hire in Crete\",\"publisher\":{\"@id\":\"https:\\\/\\\/caravel.gr\\\/#organization\"},\"potentialAction\":[{\"@type\":\"SearchAction\",\"target\":{\"@type\":\"EntryPoint\",\"urlTemplate\":\"https:\\\/\\\/caravel.gr\\\/?s={search_term_string}\"},\"query-input\":{\"@type\":\"PropertyValueSpecification\",\"valueRequired\":true,\"valueName\":\"search_term_string\"}}],\"inLanguage\":\"fr-FR\"},{\"@type\":\"Organization\",\"@id\":\"https:\\\/\\\/caravel.gr\\\/#organization\",\"name\":\"Rent A Car Crete with Caravel\",\"url\":\"https:\\\/\\\/caravel.gr\\\/\",\"logo\":{\"@type\":\"ImageObject\",\"inLanguage\":\"fr-FR\",\"@id\":\"https:\\\/\\\/caravel.gr\\\/#\\\/schema\\\/logo\\\/image\\\/\",\"url\":\"https:\\\/\\\/caravel.gr\\\/wp-content\\\/uploads\\\/2022\\\/01\\\/caravel-logo_0_0.jpg\",\"contentUrl\":\"https:\\\/\\\/caravel.gr\\\/wp-content\\\/uploads\\\/2022\\\/01\\\/caravel-logo_0_0.jpg\",\"width\":210,\"height\":80,\"caption\":\"Rent A Car Crete with Caravel\"},\"image\":{\"@id\":\"https:\\\/\\\/caravel.gr\\\/#\\\/schema\\\/logo\\\/image\\\/\"}}]}<\/script>\n<!-- \/ Yoast SEO Premium plugin. -->","yoast_head_json":{"title":"Location de voiture en Cr\u00e8te avec Caravel Rent A Car \u2022 Profil de notre entreprise","description":"Louez une voiture en Cr\u00e8te avec Caravel pour des milliers de raisons ! Chez Caravel Location de voitures en Cr\u00e8te, nous sommes fiers de notre flotte, de sa vari\u00e9t\u00e9 et de sa qualit\u00e9...","robots":{"index":"index","follow":"follow","max-snippet":"max-snippet:-1","max-image-preview":"max-image-preview:large","max-video-preview":"max-video-preview:-1"},"canonical":"https:\/\/caravel.gr\/fr\/profile\/","og_locale":"fr_FR","og_type":"article","og_title":"Profile","og_description":"Louez une voiture en Cr\u00e8te avec Caravel pour des milliers de raisons ! Chez Caravel Location de voitures en Cr\u00e8te, nous sommes fiers de notre flotte, de sa vari\u00e9t\u00e9 et de sa qualit\u00e9...","og_url":"https:\/\/caravel.gr\/fr\/profile\/","og_site_name":"Rent A Car Crete with Caravel","article_modified_time":"2026-03-24T15:29:48+00:00","og_image":[{"width":1281,"height":957,"url":"https:\/\/caravel.gr\/wp-content\/uploads\/2022\/04\/2.jpg","type":"image\/jpeg"}],"twitter_card":"summary_large_image","twitter_misc":{"Dur\u00e9e de lecture estim\u00e9e":"4 minutes"},"schema":{"@context":"https:\/\/schema.org","@graph":[{"@type":"WebPage","@id":"https:\/\/caravel.gr\/fr\/profile\/","url":"https:\/\/caravel.gr\/fr\/profile\/","name":"Location de voiture en Cr\u00e8te avec Caravel Rent A Car \u2022 Profil de notre entreprise","isPartOf":{"@id":"https:\/\/caravel.gr\/#website"},"primaryImageOfPage":{"@id":"https:\/\/caravel.gr\/fr\/profile\/#primaryimage"},"image":{"@id":"https:\/\/caravel.gr\/fr\/profile\/#primaryimage"},"thumbnailUrl":"https:\/\/caravel.gr\/wp-content\/uploads\/2022\/04\/2.jpg","datePublished":"2022-02-09T08:58:04+00:00","dateModified":"2026-03-24T15:29:48+00:00","description":"Louez une voiture en Cr\u00e8te avec Caravel pour des milliers de raisons ! Chez Caravel Location de voitures en Cr\u00e8te, nous sommes fiers de notre flotte, de sa vari\u00e9t\u00e9 et de sa qualit\u00e9...","breadcrumb":{"@id":"https:\/\/caravel.gr\/fr\/profile\/#breadcrumb"},"inLanguage":"fr-FR","potentialAction":[{"@type":"ReadAction","target":["https:\/\/caravel.gr\/fr\/profile\/"]}]},{"@type":"ImageObject","inLanguage":"fr-FR","@id":"https:\/\/caravel.gr\/fr\/profile\/#primaryimage","url":"https:\/\/caravel.gr\/wp-content\/uploads\/2022\/04\/2.jpg","contentUrl":"https:\/\/caravel.gr\/wp-content\/uploads\/2022\/04\/2.jpg","width":1281,"height":957,"caption":"Rent a car Heraklion airport with Caravel."},{"@type":"BreadcrumbList","@id":"https:\/\/caravel.gr\/fr\/profile\/#breadcrumb","itemListElement":[{"@type":"ListItem","position":1,"name":"Home","item":"https:\/\/caravel.gr\/"},{"@type":"ListItem","position":2,"name":"Profile"}]},{"@type":"WebSite","@id":"https:\/\/caravel.gr\/#website","url":"https:\/\/caravel.gr\/","name":"Rent A Car Crete with Caravel","description":"Car Hire in Crete","publisher":{"@id":"https:\/\/caravel.gr\/#organization"},"potentialAction":[{"@type":"SearchAction","target":{"@type":"EntryPoint","urlTemplate":"https:\/\/caravel.gr\/?s={search_term_string}"},"query-input":{"@type":"PropertyValueSpecification","valueRequired":true,"valueName":"search_term_string"}}],"inLanguage":"fr-FR"},{"@type":"Organization","@id":"https:\/\/caravel.gr\/#organization","name":"Rent A Car Crete with Caravel","url":"https:\/\/caravel.gr\/","logo":{"@type":"ImageObject","inLanguage":"fr-FR","@id":"https:\/\/caravel.gr\/#\/schema\/logo\/image\/","url":"https:\/\/caravel.gr\/wp-content\/uploads\/2022\/01\/caravel-logo_0_0.jpg","contentUrl":"https:\/\/caravel.gr\/wp-content\/uploads\/2022\/01\/caravel-logo_0_0.jpg","width":210,"height":80,"caption":"Rent A Car Crete with Caravel"},"image":{"@id":"https:\/\/caravel.gr\/#\/schema\/logo\/image\/"}}]}},"_links":{"self":[{"href":"https:\/\/caravel.gr\/fr\/wp-json\/wp\/v2\/pages\/5654","targetHints":{"allow":["GET"]}}],"collection":[{"href":"https:\/\/caravel.gr\/fr\/wp-json\/wp\/v2\/pages"}],"about":[{"href":"https:\/\/caravel.gr\/fr\/wp-json\/wp\/v2\/types\/page"}],"author":[{"embeddable":true,"href":"https:\/\/caravel.gr\/fr\/wp-json\/wp\/v2\/users\/4"}],"replies":[{"embeddable":true,"href":"https:\/\/caravel.gr\/fr\/wp-json\/wp\/v2\/comments?post=5654"}],"version-history":[{"count":1,"href":"https:\/\/caravel.gr\/fr\/wp-json\/wp\/v2\/pages\/5654\/revisions"}],"predecessor-version":[{"id":5655,"href":"https:\/\/caravel.gr\/fr\/wp-json\/wp\/v2\/pages\/5654\/revisions\/5655"}],"wp:featuredmedia":[{"embeddable":true,"href":"https:\/\/caravel.gr\/fr\/wp-json\/wp\/v2\/media\/3663"}],"wp:attachment":[{"href":"https:\/\/caravel.gr\/fr\/wp-json\/wp\/v2\/media?parent=5654"}],"curies":[{"name":"wp","href":"https:\/\/api.w.org\/{rel}","templated":true}]}}