{"id":3196,"date":"2022-02-11T14:46:30","date_gmt":"2022-02-11T12:46:30","guid":{"rendered":"https:\/\/caravel.gr\/aeroport-de-la-canee\/"},"modified":"2022-06-09T13:08:03","modified_gmt":"2022-06-09T10:08:03","slug":"aeroport-de-la-canee","status":"publish","type":"page","link":"https:\/\/caravel.gr\/fr\/aeroport-de-la-canee\/","title":{"rendered":"A\u00e9roport de La Can\u00e9e"},"content":{"rendered":"\t\t<div data-elementor-type=\"wp-page\" data-elementor-id=\"3196\" class=\"elementor elementor-3196 elementor-2811\" data-elementor-post-type=\"page\">\n\t\t\t\t\t\t<section class=\"elementor-section elementor-top-section elementor-element elementor-element-4a0e6ba elementor-section-content-middle elementor-section-stretched elementor-section-boxed elementor-section-height-default elementor-section-height-default\" data-id=\"4a0e6ba\" data-element_type=\"section\" data-e-type=\"section\" data-settings=\"{&quot;stretch_section&quot;:&quot;section-stretched&quot;}\">\n\t\t\t\t\t\t<div class=\"elementor-container elementor-column-gap-default\">\n\t\t\t\t\t<div class=\"elementor-column elementor-col-100 elementor-top-column elementor-element elementor-element-8a44527\" data-id=\"8a44527\" data-element_type=\"column\" data-e-type=\"column\">\n\t\t\t<div class=\"elementor-widget-wrap elementor-element-populated\">\n\t\t\t\t\t\t<div class=\"elementor-element elementor-element-4f1294b0 elementor-widget__width-initial elementor-absolute elementor-widget-mobile__width-initial elementor-widget elementor-widget-heading\" data-id=\"4f1294b0\" data-element_type=\"widget\" data-e-type=\"widget\" data-settings=\"{&quot;_position&quot;:&quot;absolute&quot;}\" data-widget_type=\"heading.default\">\n\t\t\t\t<div class=\"elementor-widget-container\">\n\t\t\t\t\t<h2 class=\"elementor-heading-title elementor-size-default\">A\u00c9ROPORT<\/h2>\t\t\t\t<\/div>\n\t\t\t\t<\/div>\n\t\t\t\t<div class=\"elementor-element elementor-element-1361ca69 premium-header-block premium-lq__none premium-box-lq__none elementor-widget elementor-widget-premium-addon-dual-header\" data-id=\"1361ca69\" data-element_type=\"widget\" data-e-type=\"widget\" data-settings=\"{&quot;_animation_tablet&quot;:&quot;none&quot;,&quot;_animation_mobile&quot;:&quot;none&quot;}\" data-widget_type=\"premium-addon-dual-header.default\">\n\t\t\t\t\t\n\t\t<div class=\"elementor-widget-container\">\n\t\t\t\t\t<h2 class=\"premium-dual-header-first-header \"><span class=\"premium-dual-header-first-span\">Location voiture Can\u00e9e a\u00e9roport <\/span><span class=\"premium-dual-header-second-header \">Location voiture Can\u00e9e a\u00e9roport \u2022 Caravel Rent a Car Crete<\/span><\/h2> \t\t\t\t<\/div>\n\n\t\t\t\t\t\t<\/div>\n\t\t\t\t<div class=\"elementor-element elementor-element-4935e4d6 elementor-widget-divider--view-line elementor-widget elementor-widget-divider\" data-id=\"4935e4d6\" data-element_type=\"widget\" data-e-type=\"widget\" data-settings=\"{&quot;_animation_tablet&quot;:&quot;none&quot;,&quot;_animation_mobile&quot;:&quot;none&quot;}\" data-widget_type=\"divider.default\">\n\t\t\t\t<div class=\"elementor-widget-container\">\n\t\t\t\t\t\t\t<div class=\"elementor-divider\">\n\t\t\t<span class=\"elementor-divider-separator\">\n\t\t\t\t\t\t<\/span>\n\t\t<\/div>\n\t\t\t\t\t\t<\/div>\n\t\t\t\t<\/div>\n\t\t\t\t<div class=\"elementor-element elementor-element-688302a elementor-widget elementor-widget-text-editor\" data-id=\"688302a\" data-element_type=\"widget\" data-e-type=\"widget\" data-settings=\"{&quot;_animation_tablet&quot;:&quot;none&quot;,&quot;_animation_mobile&quot;:&quot;none&quot;}\" data-widget_type=\"text-editor.default\">\n\t\t\t\t<div class=\"elementor-widget-container\">\n\t\t\t\t\t\t\t\t\t<h3 class=\"rtecenter\"><strong>A\u00e9roport de CHANIA\u00a0:<\/strong><\/h3><p class=\"rtecenter\"><strong>Adresse<\/strong> : <a href=\"https:\/\/www.google.com\/maps\/place\/Caravel+Car+Hire\/@35.5408929,24.1366587,19.17z\/data=!4m9!1m2!2m1!1sCaravel+Car+Hire!3m5!1s0x149b81543076d601:0x7a4f20832f379d18!8m2!3d35.5412369!4d24.1373558!15sChBDYXJhdmVsIENhciBIaXJlIgOIAQGSARFjYXJfcmVudGFsX2FnZW5jeQ\">Gare d&rsquo;Akrotiri, A\u00e9roport de La Can\u00e9e, 73100<\/a><br \/><strong>Portable<\/strong> : +30.6937.200391<\/p>\t\t\t\t\t\t\t\t<\/div>\n\t\t\t\t<\/div>\n\t\t\t\t\t<\/div>\n\t\t<\/div>\n\t\t\t\t\t<\/div>\n\t\t<\/section>\n\t\t\t\t<section class=\"elementor-section elementor-top-section elementor-element elementor-element-0e27a0d elementor-section-boxed elementor-section-height-default elementor-section-height-default\" data-id=\"0e27a0d\" data-element_type=\"section\" data-e-type=\"section\">\n\t\t\t\t\t\t<div class=\"elementor-container elementor-column-gap-default\">\n\t\t\t\t\t<div class=\"elementor-column elementor-col-100 elementor-top-column elementor-element elementor-element-e404b2d\" data-id=\"e404b2d\" data-element_type=\"column\" data-e-type=\"column\">\n\t\t\t<div class=\"elementor-widget-wrap elementor-element-populated\">\n\t\t\t\t\t\t<div class=\"elementor-element elementor-element-6b42880 elementor-widget elementor-widget-text-editor\" data-id=\"6b42880\" data-element_type=\"widget\" data-e-type=\"widget\" data-widget_type=\"text-editor.default\">\n\t\t\t\t<div class=\"elementor-widget-container\">\n\t\t\t\t\t\t\t\t\t<p style=\"text-align: center;\">Location voiture Can\u00e9e a\u00e9roport avec Caravel et ne vous souciez plus de savoir comment vous rendre \u00e0 notre bureau. Un partenaire de Caravel peut vous attendre. Sans frais suppl\u00e9mentaires!<\/p><p style=\"text-align: center;\">L&rsquo;a\u00e9roport de La Can\u00e9e Daskalogiannis est un a\u00e9roport international. Il est situ\u00e9 pr\u00e8s de la baie de Souda sur la p\u00e9ninsule d&rsquo;Akrotiri de l&rsquo;\u00eele de Cr\u00e8te. Il dessert la ville de La Can\u00e9e, \u00e0 14 kilom\u00e8tres. De plus, c&rsquo;est une porte d&rsquo;entr\u00e9e vers l&rsquo;ouest de la Cr\u00e8te pour un nombre croissant de touristes.<\/p><p style=\"text-align: center;\">L&rsquo;a\u00e9roport porte le nom de Daskalogiannis. Un rebelle cr\u00e9tois contre la domination ottomane au 18\u00e8me si\u00e8cle et est un a\u00e9roport civilo-militaire conjoint. C&rsquo;est le sixi\u00e8me a\u00e9roport le plus fr\u00e9quent\u00e9 de Gr\u00e8ce.<\/p><p style=\"text-align: center;\">Chez Caravel Rent A Car, nous comprenons que vous voulez avoir un moyen simple et rapide de commencer vos vacances en Cr\u00e8te. Ainsi, notre partenaire vous attendra pour vous livrer votre voiture \u00e0 l&rsquo;a\u00e9roport de La Can\u00e9e sans frais suppl\u00e9mentaires !<\/p><p style=\"text-align: center;\">Notre flotte des derniers mod\u00e8les offre une location de voiture bon march\u00e9 et est \u00e0 votre disposition que ce soit pour les affaires ou le plaisir. Avec Caravel Car Rental Cr\u00e8te, vous avez 40 ans d&rsquo;exp\u00e9rience \u00e0 vos c\u00f4t\u00e9s. Louez une voiture avec Caravel et profitez de vos vacances sur notre merveilleuse \u00eele !<br \/>Vous pouvez consulter notre flotte <a href=\"https:\/\/caravel.gr\/fr\/our-fleet-fr\/\">ici<\/a>.<\/p><p>\u00a0<\/p><h2 style=\"text-align: center;\">Location voiture Can\u00e9e a\u00e9roport \u2022 Caravel Rent a Car Crete<\/h2>\t\t\t\t\t\t\t\t<\/div>\n\t\t\t\t<\/div>\n\t\t\t\t\t<\/div>\n\t\t<\/div>\n\t\t\t\t\t<\/div>\n\t\t<\/section>\n\t\t\t\t<section class=\"elementor-section elementor-top-section elementor-element elementor-element-c35d96c elementor-section-full_width elementor-section-height-min-height elementor-section-height-default elementor-section-items-middle\" data-id=\"c35d96c\" data-element_type=\"section\" data-e-type=\"section\">\n\t\t\t\t\t\t<div class=\"elementor-container elementor-column-gap-default\">\n\t\t\t\t\t<div class=\"elementor-column elementor-col-100 elementor-top-column elementor-element elementor-element-1319528\" data-id=\"1319528\" data-element_type=\"column\" data-e-type=\"column\">\n\t\t\t<div class=\"elementor-widget-wrap elementor-element-populated\">\n\t\t\t\t\t\t<div class=\"elementor-element elementor-element-8bfd64b elementor-widget elementor-widget-heading\" data-id=\"8bfd64b\" data-element_type=\"widget\" data-e-type=\"widget\" data-widget_type=\"heading.default\">\n\t\t\t\t<div class=\"elementor-widget-container\">\n\t\t\t\t\t<h2 class=\"elementor-heading-title elementor-size-default\">Itin\u00e9raire vers notre bureau \/ parking \u00e0 l'a\u00e9roport de La Can\u00e9e<\/h2>\t\t\t\t<\/div>\n\t\t\t\t<\/div>\n\t\t\t\t<div class=\"elementor-element elementor-element-892be7c elementor-widget elementor-widget-google_maps\" data-id=\"892be7c\" data-element_type=\"widget\" data-e-type=\"widget\" data-widget_type=\"google_maps.default\">\n\t\t\t\t<div class=\"elementor-widget-container\">\n\t\t\t\t\t\t\t<div class=\"elementor-custom-embed\">\n\t\t\t<iframe loading=\"lazy\"\n\t\t\t\t\tsrc=\"https:\/\/maps.google.com\/maps?q=Caravel%20Car%20Hire%20Akrotiri%20Station&#038;t=m&#038;z=15&#038;output=embed&#038;iwloc=near\"\n\t\t\t\t\ttitle=\"Caravel Car Hire Akrotiri Station\"\n\t\t\t\t\taria-label=\"Caravel Car Hire Akrotiri Station\"\n\t\t\t><\/iframe>\n\t\t<\/div>\n\t\t\t\t\t\t<\/div>\n\t\t\t\t<\/div>\n\t\t\t\t\t<\/div>\n\t\t<\/div>\n\t\t\t\t\t<\/div>\n\t\t<\/section>\n\t\t\t\t<section class=\"elementor-section elementor-top-section elementor-element elementor-element-5887f03 elementor-section-boxed elementor-section-height-default elementor-section-height-default\" data-id=\"5887f03\" data-element_type=\"section\" data-e-type=\"section\">\n\t\t\t\t\t\t<div class=\"elementor-container elementor-column-gap-default\">\n\t\t\t\t\t<div class=\"elementor-column elementor-col-100 elementor-top-column elementor-element elementor-element-d2be9d8\" data-id=\"d2be9d8\" data-element_type=\"column\" data-e-type=\"column\">\n\t\t\t<div class=\"elementor-widget-wrap elementor-element-populated\">\n\t\t\t\t\t\t<div class=\"elementor-element elementor-element-b703667 elementor-widget elementor-widget-video\" data-id=\"b703667\" data-element_type=\"widget\" data-e-type=\"widget\" data-settings=\"{&quot;youtube_url&quot;:&quot;https:\\\/\\\/www.youtube.com\\\/watch?v=nES9QVWeYwU&quot;,&quot;video_type&quot;:&quot;youtube&quot;,&quot;controls&quot;:&quot;yes&quot;}\" data-widget_type=\"video.default\">\n\t\t\t\t<div class=\"elementor-widget-container\">\n\t\t\t\t\t\t\t<div class=\"elementor-wrapper elementor-open-inline\">\n\t\t\t<div class=\"elementor-video\"><\/div>\t\t<\/div>\n\t\t\t\t\t\t<\/div>\n\t\t\t\t<\/div>\n\t\t\t\t\t<\/div>\n\t\t<\/div>\n\t\t\t\t\t<\/div>\n\t\t<\/section>\n\t\t\t\t<section class=\"elementor-section elementor-top-section elementor-element elementor-element-01f84c9 elementor-section-boxed elementor-section-height-default elementor-section-height-default\" data-id=\"01f84c9\" data-element_type=\"section\" data-e-type=\"section\">\n\t\t\t\t\t\t<div class=\"elementor-container elementor-column-gap-default\">\n\t\t\t\t\t<div class=\"elementor-column elementor-col-100 elementor-top-column elementor-element elementor-element-4b2a115\" data-id=\"4b2a115\" data-element_type=\"column\" data-e-type=\"column\">\n\t\t\t<div class=\"elementor-widget-wrap elementor-element-populated\">\n\t\t\t\t\t\t<div class=\"elementor-element elementor-element-c1d1671 elementor-widget elementor-widget-accordion\" data-id=\"c1d1671\" data-element_type=\"widget\" data-e-type=\"widget\" data-widget_type=\"accordion.default\">\n\t\t\t\t<div class=\"elementor-widget-container\">\n\t\t\t\t\t\t\t<div class=\"elementor-accordion\">\n\t\t\t\t\t\t\t<div class=\"elementor-accordion-item\">\n\t\t\t\t\t<div id=\"elementor-tab-title-2031\" class=\"elementor-tab-title\" data-tab=\"1\" role=\"button\" aria-controls=\"elementor-tab-content-2031\" aria-expanded=\"false\">\n\t\t\t\t\t\t\t\t\t\t\t\t\t<span class=\"elementor-accordion-icon elementor-accordion-icon-left\" aria-hidden=\"true\">\n\t\t\t\t\t\t\t\t\t\t\t\t\t\t\t<span class=\"elementor-accordion-icon-closed\"><i class=\"fas fa-plus\"><\/i><\/span>\n\t\t\t\t\t\t\t\t<span class=\"elementor-accordion-icon-opened\"><i class=\"fas fa-minus\"><\/i><\/span>\n\t\t\t\t\t\t\t\t\t\t\t\t\t\t<\/span>\n\t\t\t\t\t\t\t\t\t\t\t\t<a class=\"elementor-accordion-title\" tabindex=\"0\">Infos pratiques<\/a>\n\t\t\t\t\t<\/div>\n\t\t\t\t\t<div id=\"elementor-tab-content-2031\" class=\"elementor-tab-content elementor-clearfix\" data-tab=\"1\" role=\"region\" aria-labelledby=\"elementor-tab-title-2031\"><p>Centrale t\u00e9l\u00e9phonique :+30 28210-83800<br \/>T\u00e9l\u00e9copie :+30 28210-66100<br \/>AFTN\u00a0: LGSAYDYC<br \/>E-mail:kaxnd@hcaa.gr<\/p><p>ADMINISTRATION A\u00c9ROPORTUAIRE<br \/>1. GESTION<br \/>Directeur de l&rsquo;a\u00e9roport civil<br \/>M. LAMPATHAKI<br \/>N\u00b0 de t\u00e9l\u00e9phone\u00a0:+30 28210-83801<br \/>T\u00e9l\u00e9copie :+30 28210-66100<br \/>E-mail:kaxnd@hcaa.gr<\/p><p>2. D\u00c9PARTEMENTS \u2013 BUREAUX<br \/>a.D\u00e9partement d&rsquo;assistance technique<br \/>N\u00b0 de t\u00e9l\u00e9phone\u00a0:+30 28210-83814<br \/>T\u00e9l\u00e9copie :+30 28210-66100<br \/>E-mail:kaxndyp@hcaa.gr<\/p><p>b. D\u00e9partement \u00e9lectronique<br \/>T\u00e9l\u00e9phone : +30 28210-83806, +30 28210-83819<br \/>T\u00e9l\u00e9copie :+30 28210-83835<br \/>E-mail:d19id@hcaa.gr<\/p><p>c. D\u00e9partement des t\u00e9l\u00e9communications<br \/>T\u00e9l\u00e9phone : +30 28210-83805, + 30 28210-66357<br \/>T\u00e9l\u00e9copie :+30 28210-66100<br \/>E-mail:d5iz@hcaa.gr<br \/>RSFTA : LGSAYTYX<\/p><p>r\u00e9. D\u00e9partement des op\u00e9rations a\u00e9roportuaires<br \/>T\u00e9l\u00e9phone\u00a0: +30 28210-83803, + 30 28210-83832<br \/>T\u00e9l\u00e9copie : + 30 28210-65653<br \/>\u0395-mail:kaxndar@hcaa.gr<\/p><p>e. Bureau de la s\u00e9curit\u00e9 de l&rsquo;a\u00e9roport<br \/>T\u00e9l\u00e9phone : +30 28210-83832<br \/>T\u00e9l\u00e9copie :+30 28210-65653<br \/>E-mail:kaxndgas@hcaa.gr<\/p><\/div>\n\t\t\t\t<\/div>\n\t\t\t\t\t\t\t\t<\/div>\n\t\t\t\t\t\t<\/div>\n\t\t\t\t<\/div>\n\t\t\t\t\t<\/div>\n\t\t<\/div>\n\t\t\t\t\t<\/div>\n\t\t<\/section>\n\t\t\t\t<section class=\"elementor-section elementor-top-section elementor-element elementor-element-8b01560 elementor-section-height-min-height elementor-section-content-middle elementor-section-boxed elementor-section-height-default elementor-section-items-middle\" data-id=\"8b01560\" data-element_type=\"section\" data-e-type=\"section\" data-settings=\"{&quot;background_background&quot;:&quot;classic&quot;,&quot;background_motion_fx_motion_fx_scrolling&quot;:&quot;yes&quot;,&quot;background_motion_fx_translateY_effect&quot;:&quot;yes&quot;,&quot;background_motion_fx_translateY_speed&quot;:{&quot;unit&quot;:&quot;px&quot;,&quot;size&quot;:5,&quot;sizes&quot;:[]},&quot;background_motion_fx_scale_effect&quot;:&quot;yes&quot;,&quot;background_motion_fx_scale_direction&quot;:&quot;in-out&quot;,&quot;background_motion_fx_range&quot;:&quot;viewport&quot;,&quot;background_motion_fx_translateY_affectedRange&quot;:{&quot;unit&quot;:&quot;%&quot;,&quot;size&quot;:&quot;&quot;,&quot;sizes&quot;:{&quot;start&quot;:0,&quot;end&quot;:100}},&quot;background_motion_fx_scale_speed&quot;:{&quot;unit&quot;:&quot;px&quot;,&quot;size&quot;:4,&quot;sizes&quot;:[]},&quot;background_motion_fx_scale_range&quot;:{&quot;unit&quot;:&quot;%&quot;,&quot;size&quot;:&quot;&quot;,&quot;sizes&quot;:{&quot;start&quot;:20,&quot;end&quot;:80}},&quot;background_motion_fx_devices&quot;:[&quot;desktop&quot;,&quot;tablet&quot;,&quot;mobile&quot;]}\">\n\t\t\t\t\t\t<div class=\"elementor-container elementor-column-gap-default\">\n\t\t\t\t\t<div class=\"elementor-column elementor-col-100 elementor-top-column elementor-element elementor-element-97cb31b\" data-id=\"97cb31b\" data-element_type=\"column\" data-e-type=\"column\">\n\t\t\t<div class=\"elementor-widget-wrap elementor-element-populated\">\n\t\t\t\t\t\t\t<\/div>\n\t\t<\/div>\n\t\t\t\t\t<\/div>\n\t\t<\/section>\n\t\t\t\t<\/div>\n\t\t","protected":false},"excerpt":{"rendered":"<p>A\u00c9ROPORT Location voiture Can\u00e9e a\u00e9roport Location voiture Can\u00e9e a\u00e9roport \u2022 Caravel Rent a Car Crete A\u00e9roport de CHANIA\u00a0: Adresse : Gare d&rsquo;Akrotiri, A\u00e9roport de La Can\u00e9e, 73100Portable : +30.6937.200391 Location voiture Can\u00e9e a\u00e9roport avec Caravel et ne vous souciez plus de savoir comment vous rendre \u00e0 notre bureau. Un partenaire de Caravel peut vous attendre. [&hellip;]<\/p>\n","protected":false},"author":4,"featured_media":3958,"parent":0,"menu_order":0,"comment_status":"closed","ping_status":"closed","template":"","meta":{"footnotes":""},"class_list":["post-3196","page","type-page","status-publish","has-post-thumbnail","hentry"],"yoast_head":"<!-- This site is optimized with the Yoast SEO Premium plugin v22.7 (Yoast SEO v27.4) - https:\/\/yoast.com\/product\/yoast-seo-premium-wordpress\/ -->\n<title>Location voiture Can\u00e9e a\u00e9roport \u2022 Caravel Rent a Car Crete<\/title>\n<meta name=\"description\" content=\"Location voiture Can\u00e9e a\u00e9roport avec Caravel et ne vous souciez plus de savoir comment vous rendre \u00e0 notre bureau. Un partenaire de Caravel\" \/>\n<meta name=\"robots\" content=\"index, follow, max-snippet:-1, max-image-preview:large, max-video-preview:-1\" \/>\n<link rel=\"canonical\" href=\"https:\/\/caravel.gr\/chania-airport\/\" \/>\n<meta property=\"og:locale\" content=\"fr_FR\" \/>\n<meta property=\"og:type\" content=\"article\" \/>\n<meta property=\"og:title\" content=\"A\u00e9roport de La Can\u00e9e\" \/>\n<meta property=\"og:description\" content=\"Location voiture Can\u00e9e a\u00e9roport avec Caravel et ne vous souciez plus de savoir comment vous rendre \u00e0 notre bureau. Un partenaire de Caravel\" \/>\n<meta property=\"og:url\" content=\"https:\/\/caravel.gr\/chania-airport\/\" \/>\n<meta property=\"og:site_name\" content=\"Rent A Car Crete with Caravel\" \/>\n<meta property=\"article:modified_time\" content=\"2022-06-09T10:08:03+00:00\" \/>\n<meta property=\"og:image\" content=\"https:\/\/caravel.gr\/wp-content\/uploads\/2022\/05\/chaniaairpor-1.jpg\" \/>\n\t<meta property=\"og:image:width\" content=\"1080\" \/>\n\t<meta property=\"og:image:height\" content=\"727\" \/>\n\t<meta property=\"og:image:type\" content=\"image\/jpeg\" \/>\n<meta name=\"twitter:card\" content=\"summary_large_image\" \/>\n<meta name=\"twitter:label1\" content=\"Dur\u00e9e de lecture estim\u00e9e\" \/>\n\t<meta name=\"twitter:data1\" content=\"2 minutes\" \/>\n<script type=\"application\/ld+json\" class=\"yoast-schema-graph\">{\"@context\":\"https:\\\/\\\/schema.org\",\"@graph\":[{\"@type\":\"WebPage\",\"@id\":\"https:\\\/\\\/caravel.gr\\\/chania-airport\\\/\",\"url\":\"https:\\\/\\\/caravel.gr\\\/chania-airport\\\/\",\"name\":\"Location voiture Can\u00e9e a\u00e9roport \u2022 Caravel Rent a Car Crete\",\"isPartOf\":{\"@id\":\"https:\\\/\\\/caravel.gr\\\/#website\"},\"primaryImageOfPage\":{\"@id\":\"https:\\\/\\\/caravel.gr\\\/chania-airport\\\/#primaryimage\"},\"image\":{\"@id\":\"https:\\\/\\\/caravel.gr\\\/chania-airport\\\/#primaryimage\"},\"thumbnailUrl\":\"https:\\\/\\\/caravel.gr\\\/wp-content\\\/uploads\\\/2022\\\/05\\\/chaniaairpor-1.jpg\",\"datePublished\":\"2022-02-11T12:46:30+00:00\",\"dateModified\":\"2022-06-09T10:08:03+00:00\",\"description\":\"Location voiture Can\u00e9e a\u00e9roport avec Caravel et ne vous souciez plus de savoir comment vous rendre \u00e0 notre bureau. Un partenaire de Caravel\",\"breadcrumb\":{\"@id\":\"https:\\\/\\\/caravel.gr\\\/chania-airport\\\/#breadcrumb\"},\"inLanguage\":\"fr-FR\",\"potentialAction\":[{\"@type\":\"ReadAction\",\"target\":[\"https:\\\/\\\/caravel.gr\\\/chania-airport\\\/\"]}]},{\"@type\":\"ImageObject\",\"inLanguage\":\"fr-FR\",\"@id\":\"https:\\\/\\\/caravel.gr\\\/chania-airport\\\/#primaryimage\",\"url\":\"https:\\\/\\\/caravel.gr\\\/wp-content\\\/uploads\\\/2022\\\/05\\\/chaniaairpor-1.jpg\",\"contentUrl\":\"https:\\\/\\\/caravel.gr\\\/wp-content\\\/uploads\\\/2022\\\/05\\\/chaniaairpor-1.jpg\",\"width\":1080,\"height\":727,\"caption\":\"Location voiture Can\u00e9e a\u00e9roport\"},{\"@type\":\"BreadcrumbList\",\"@id\":\"https:\\\/\\\/caravel.gr\\\/chania-airport\\\/#breadcrumb\",\"itemListElement\":[{\"@type\":\"ListItem\",\"position\":1,\"name\":\"Home\",\"item\":\"https:\\\/\\\/caravel.gr\\\/\"},{\"@type\":\"ListItem\",\"position\":2,\"name\":\"A\u00e9roport de La Can\u00e9e\"}]},{\"@type\":\"WebSite\",\"@id\":\"https:\\\/\\\/caravel.gr\\\/#website\",\"url\":\"https:\\\/\\\/caravel.gr\\\/\",\"name\":\"Rent A Car Crete with Caravel\",\"description\":\"Car Hire in Crete\",\"publisher\":{\"@id\":\"https:\\\/\\\/caravel.gr\\\/#organization\"},\"potentialAction\":[{\"@type\":\"SearchAction\",\"target\":{\"@type\":\"EntryPoint\",\"urlTemplate\":\"https:\\\/\\\/caravel.gr\\\/?s={search_term_string}\"},\"query-input\":{\"@type\":\"PropertyValueSpecification\",\"valueRequired\":true,\"valueName\":\"search_term_string\"}}],\"inLanguage\":\"fr-FR\"},{\"@type\":\"Organization\",\"@id\":\"https:\\\/\\\/caravel.gr\\\/#organization\",\"name\":\"Rent A Car Crete with Caravel\",\"url\":\"https:\\\/\\\/caravel.gr\\\/\",\"logo\":{\"@type\":\"ImageObject\",\"inLanguage\":\"fr-FR\",\"@id\":\"https:\\\/\\\/caravel.gr\\\/#\\\/schema\\\/logo\\\/image\\\/\",\"url\":\"https:\\\/\\\/caravel.gr\\\/wp-content\\\/uploads\\\/2022\\\/01\\\/caravel-logo_0_0.jpg\",\"contentUrl\":\"https:\\\/\\\/caravel.gr\\\/wp-content\\\/uploads\\\/2022\\\/01\\\/caravel-logo_0_0.jpg\",\"width\":210,\"height\":80,\"caption\":\"Rent A Car Crete with Caravel\"},\"image\":{\"@id\":\"https:\\\/\\\/caravel.gr\\\/#\\\/schema\\\/logo\\\/image\\\/\"}}]}<\/script>\n<!-- \/ Yoast SEO Premium plugin. -->","yoast_head_json":{"title":"Location voiture Can\u00e9e a\u00e9roport \u2022 Caravel Rent a Car Crete","description":"Location voiture Can\u00e9e a\u00e9roport avec Caravel et ne vous souciez plus de savoir comment vous rendre \u00e0 notre bureau. Un partenaire de Caravel","robots":{"index":"index","follow":"follow","max-snippet":"max-snippet:-1","max-image-preview":"max-image-preview:large","max-video-preview":"max-video-preview:-1"},"canonical":"https:\/\/caravel.gr\/chania-airport\/","og_locale":"fr_FR","og_type":"article","og_title":"A\u00e9roport de La Can\u00e9e","og_description":"Location voiture Can\u00e9e a\u00e9roport avec Caravel et ne vous souciez plus de savoir comment vous rendre \u00e0 notre bureau. Un partenaire de Caravel","og_url":"https:\/\/caravel.gr\/chania-airport\/","og_site_name":"Rent A Car Crete with Caravel","article_modified_time":"2022-06-09T10:08:03+00:00","og_image":[{"width":1080,"height":727,"url":"https:\/\/caravel.gr\/wp-content\/uploads\/2022\/05\/chaniaairpor-1.jpg","type":"image\/jpeg"}],"twitter_card":"summary_large_image","twitter_misc":{"Dur\u00e9e de lecture estim\u00e9e":"2 minutes"},"schema":{"@context":"https:\/\/schema.org","@graph":[{"@type":"WebPage","@id":"https:\/\/caravel.gr\/chania-airport\/","url":"https:\/\/caravel.gr\/chania-airport\/","name":"Location voiture Can\u00e9e a\u00e9roport \u2022 Caravel Rent a Car Crete","isPartOf":{"@id":"https:\/\/caravel.gr\/#website"},"primaryImageOfPage":{"@id":"https:\/\/caravel.gr\/chania-airport\/#primaryimage"},"image":{"@id":"https:\/\/caravel.gr\/chania-airport\/#primaryimage"},"thumbnailUrl":"https:\/\/caravel.gr\/wp-content\/uploads\/2022\/05\/chaniaairpor-1.jpg","datePublished":"2022-02-11T12:46:30+00:00","dateModified":"2022-06-09T10:08:03+00:00","description":"Location voiture Can\u00e9e a\u00e9roport avec Caravel et ne vous souciez plus de savoir comment vous rendre \u00e0 notre bureau. Un partenaire de Caravel","breadcrumb":{"@id":"https:\/\/caravel.gr\/chania-airport\/#breadcrumb"},"inLanguage":"fr-FR","potentialAction":[{"@type":"ReadAction","target":["https:\/\/caravel.gr\/chania-airport\/"]}]},{"@type":"ImageObject","inLanguage":"fr-FR","@id":"https:\/\/caravel.gr\/chania-airport\/#primaryimage","url":"https:\/\/caravel.gr\/wp-content\/uploads\/2022\/05\/chaniaairpor-1.jpg","contentUrl":"https:\/\/caravel.gr\/wp-content\/uploads\/2022\/05\/chaniaairpor-1.jpg","width":1080,"height":727,"caption":"Location voiture Can\u00e9e a\u00e9roport"},{"@type":"BreadcrumbList","@id":"https:\/\/caravel.gr\/chania-airport\/#breadcrumb","itemListElement":[{"@type":"ListItem","position":1,"name":"Home","item":"https:\/\/caravel.gr\/"},{"@type":"ListItem","position":2,"name":"A\u00e9roport de La Can\u00e9e"}]},{"@type":"WebSite","@id":"https:\/\/caravel.gr\/#website","url":"https:\/\/caravel.gr\/","name":"Rent A Car Crete with Caravel","description":"Car Hire in Crete","publisher":{"@id":"https:\/\/caravel.gr\/#organization"},"potentialAction":[{"@type":"SearchAction","target":{"@type":"EntryPoint","urlTemplate":"https:\/\/caravel.gr\/?s={search_term_string}"},"query-input":{"@type":"PropertyValueSpecification","valueRequired":true,"valueName":"search_term_string"}}],"inLanguage":"fr-FR"},{"@type":"Organization","@id":"https:\/\/caravel.gr\/#organization","name":"Rent A Car Crete with Caravel","url":"https:\/\/caravel.gr\/","logo":{"@type":"ImageObject","inLanguage":"fr-FR","@id":"https:\/\/caravel.gr\/#\/schema\/logo\/image\/","url":"https:\/\/caravel.gr\/wp-content\/uploads\/2022\/01\/caravel-logo_0_0.jpg","contentUrl":"https:\/\/caravel.gr\/wp-content\/uploads\/2022\/01\/caravel-logo_0_0.jpg","width":210,"height":80,"caption":"Rent A Car Crete with Caravel"},"image":{"@id":"https:\/\/caravel.gr\/#\/schema\/logo\/image\/"}}]}},"_links":{"self":[{"href":"https:\/\/caravel.gr\/fr\/wp-json\/wp\/v2\/pages\/3196","targetHints":{"allow":["GET"]}}],"collection":[{"href":"https:\/\/caravel.gr\/fr\/wp-json\/wp\/v2\/pages"}],"about":[{"href":"https:\/\/caravel.gr\/fr\/wp-json\/wp\/v2\/types\/page"}],"author":[{"embeddable":true,"href":"https:\/\/caravel.gr\/fr\/wp-json\/wp\/v2\/users\/4"}],"replies":[{"embeddable":true,"href":"https:\/\/caravel.gr\/fr\/wp-json\/wp\/v2\/comments?post=3196"}],"version-history":[{"count":15,"href":"https:\/\/caravel.gr\/fr\/wp-json\/wp\/v2\/pages\/3196\/revisions"}],"predecessor-version":[{"id":4084,"href":"https:\/\/caravel.gr\/fr\/wp-json\/wp\/v2\/pages\/3196\/revisions\/4084"}],"wp:featuredmedia":[{"embeddable":true,"href":"https:\/\/caravel.gr\/fr\/wp-json\/wp\/v2\/media\/3958"}],"wp:attachment":[{"href":"https:\/\/caravel.gr\/fr\/wp-json\/wp\/v2\/media?parent=3196"}],"curies":[{"name":"wp","href":"https:\/\/api.w.org\/{rel}","templated":true}]}}