{"id":3166,"date":"2022-02-11T14:31:29","date_gmt":"2022-02-11T12:31:29","guid":{"rendered":"https:\/\/caravel.gr\/aeroport-dheraklion\/"},"modified":"2022-05-09T16:40:09","modified_gmt":"2022-05-09T13:40:09","slug":"aeroport-dheraklion","status":"publish","type":"page","link":"https:\/\/caravel.gr\/fr\/aeroport-dheraklion\/","title":{"rendered":"A\u00e9roport d&rsquo;H\u00e9raklion"},"content":{"rendered":"\t\t<div data-elementor-type=\"wp-page\" data-elementor-id=\"3166\" class=\"elementor elementor-3166 elementor-2784\" data-elementor-post-type=\"page\">\n\t\t\t\t\t\t<section class=\"elementor-section elementor-top-section elementor-element elementor-element-4a0e6ba elementor-section-content-middle elementor-section-stretched elementor-section-boxed elementor-section-height-default elementor-section-height-default\" data-id=\"4a0e6ba\" data-element_type=\"section\" data-e-type=\"section\" data-settings=\"{&quot;stretch_section&quot;:&quot;section-stretched&quot;}\">\n\t\t\t\t\t\t<div class=\"elementor-container elementor-column-gap-default\">\n\t\t\t\t\t<div class=\"elementor-column elementor-col-100 elementor-top-column elementor-element elementor-element-8a44527\" data-id=\"8a44527\" data-element_type=\"column\" data-e-type=\"column\">\n\t\t\t<div class=\"elementor-widget-wrap elementor-element-populated\">\n\t\t\t\t\t\t<div class=\"elementor-element elementor-element-4f1294b0 elementor-widget__width-initial elementor-absolute elementor-widget-mobile__width-initial elementor-widget elementor-widget-heading\" data-id=\"4f1294b0\" data-element_type=\"widget\" data-e-type=\"widget\" data-settings=\"{&quot;_position&quot;:&quot;absolute&quot;}\" data-widget_type=\"heading.default\">\n\t\t\t\t<div class=\"elementor-widget-container\">\n\t\t\t\t\t<h2 class=\"elementor-heading-title elementor-size-default\">A\u00c9ROPORT<\/h2>\t\t\t\t<\/div>\n\t\t\t\t<\/div>\n\t\t\t\t<div class=\"elementor-element elementor-element-1361ca69 premium-header-block premium-lq__none premium-box-lq__none elementor-widget elementor-widget-premium-addon-dual-header\" data-id=\"1361ca69\" data-element_type=\"widget\" data-e-type=\"widget\" data-settings=\"{&quot;_animation_tablet&quot;:&quot;none&quot;,&quot;_animation_mobile&quot;:&quot;none&quot;}\" data-widget_type=\"premium-addon-dual-header.default\">\n\t\t\t\t\t\n\t\t<div class=\"elementor-widget-container\">\n\t\t\t\t\t<h2 class=\"premium-dual-header-first-header \"><span class=\"premium-dual-header-first-span\">Location voiture Heraklion a\u00e9roport <\/span><span class=\"premium-dual-header-second-header \">Location voiture Heraklion a\u00e9roport avec Caravel Car Hire Crete<\/span><\/h2> \t\t\t\t<\/div>\n\n\t\t\t\t\t\t<\/div>\n\t\t\t\t<div class=\"elementor-element elementor-element-4935e4d6 elementor-widget-divider--view-line elementor-widget elementor-widget-divider\" data-id=\"4935e4d6\" data-element_type=\"widget\" data-e-type=\"widget\" data-settings=\"{&quot;_animation_tablet&quot;:&quot;none&quot;,&quot;_animation_mobile&quot;:&quot;none&quot;}\" data-widget_type=\"divider.default\">\n\t\t\t\t<div class=\"elementor-widget-container\">\n\t\t\t\t\t\t\t<div class=\"elementor-divider\">\n\t\t\t<span class=\"elementor-divider-separator\">\n\t\t\t\t\t\t<\/span>\n\t\t<\/div>\n\t\t\t\t\t\t<\/div>\n\t\t\t\t<\/div>\n\t\t\t\t<div class=\"elementor-element elementor-element-688302a elementor-widget elementor-widget-text-editor\" data-id=\"688302a\" data-element_type=\"widget\" data-e-type=\"widget\" data-settings=\"{&quot;_animation_tablet&quot;:&quot;none&quot;,&quot;_animation_mobile&quot;:&quot;none&quot;}\" data-widget_type=\"text-editor.default\">\n\t\t\t\t<div class=\"elementor-widget-container\">\n\t\t\t\t\t\t\t\t\t<h3 class=\"rtecenter\"><a href=\"https:\/\/www.google.com\/maps\/place\/Caravel\/@35.3371368,25.1664191,15z\/data=!4m9!1m2!2m1!1scaravel!3m5!1s0x149a5b3094e03357:0x3c0387e615fccbe7!8m2!3d35.3371368!4d25.1716247!15sCgdjYXJhdmVsIgOIAQGSARFjYXJfcmVudGFsX2FnZW5jeQ\" target=\"_blank\" rel=\"noopener\"><strong>A\u00e9roport d&rsquo;H\u00e9raklion<\/strong><\/a><\/h3><p class=\"rtecenter\"><strong>Adresse<\/strong> : Parking Municipal, H\u00e9raklion, A\u00e9roport, 71601<br \/><strong>T\u00e9l\u00e9phone<\/strong> : +30.2810.343732 <br \/><strong>Portable<\/strong> : +30.6937.200391<\/p>\t\t\t\t\t\t\t\t<\/div>\n\t\t\t\t<\/div>\n\t\t\t\t\t<\/div>\n\t\t<\/div>\n\t\t\t\t\t<\/div>\n\t\t<\/section>\n\t\t\t\t<section class=\"elementor-section elementor-top-section elementor-element elementor-element-c942936 elementor-section-boxed elementor-section-height-default elementor-section-height-default\" data-id=\"c942936\" data-element_type=\"section\" data-e-type=\"section\">\n\t\t\t\t\t\t<div class=\"elementor-container elementor-column-gap-default\">\n\t\t\t\t\t<div class=\"elementor-column elementor-col-100 elementor-top-column elementor-element elementor-element-4834ac1\" data-id=\"4834ac1\" data-element_type=\"column\" data-e-type=\"column\">\n\t\t\t<div class=\"elementor-widget-wrap elementor-element-populated\">\n\t\t\t\t\t\t<div class=\"elementor-element elementor-element-bb51352 elementor-widget elementor-widget-text-editor\" data-id=\"bb51352\" data-element_type=\"widget\" data-e-type=\"widget\" data-widget_type=\"text-editor.default\">\n\t\t\t\t<div class=\"elementor-widget-container\">\n\t\t\t\t\t\t\t\t\t<p style=\"text-align: center;\">L&rsquo;a\u00e9roport international d&rsquo;H\u00e9raklion Nikos Kazantzakis est le principal a\u00e9roport de Cr\u00e8te. Il est situ\u00e9 \u00e0 environ 4 km \u00e0 l&rsquo;est de la ville d&rsquo;H\u00e9raklion, pr\u00e8s de la municipalit\u00e9 de Nea Alikarnassos. L&rsquo;a\u00e9roport porte le nom de Nikos Kazantzakis. Le c\u00e9l\u00e8bre philosophe grec.<\/p><p style=\"text-align: center;\">L&rsquo;a\u00e9roport d&rsquo;H\u00e9raklion est l&rsquo;a\u00e9roport principal et le plus fr\u00e9quent\u00e9 de Cr\u00e8te. Il dessert H\u00e9raklion, Agios Nikolaos, Malia, Hersonissos, Stalis et d&rsquo;autres stations baln\u00e9aires. Ainsi, lorsque vous visiterez la Cr\u00e8te, vous arriverez probablement \u00e0 l&rsquo;a\u00e9roport d&rsquo;H\u00e9raklion. Et nous comprenons que vous souhaitiez avoir un moyen simple et rapide de commencer vos vacances en Cr\u00e8te. Ainsi, notre partenaire vous attendra pour livrer votre voiture \u00e0 l&rsquo;a\u00e9roport d&rsquo;H\u00e9raklion sans frais suppl\u00e9mentaires !<\/p><p style=\"text-align: center;\">Jetez un \u0153il \u00e0 notre flotte <a href=\"https:\/\/caravel.gr\/fr\/our-fleet-fr\/\">ici<\/a>.<\/p><h2 style=\"text-align: center;\">Location voiture Heraklion a\u00e9roport avec Caravel et profitez de vos vacances en Cr\u00e8te !<\/h2>\t\t\t\t\t\t\t\t<\/div>\n\t\t\t\t<\/div>\n\t\t\t\t\t<\/div>\n\t\t<\/div>\n\t\t\t\t\t<\/div>\n\t\t<\/section>\n\t\t\t\t<section class=\"elementor-section elementor-top-section elementor-element elementor-element-c35d96c elementor-section-full_width elementor-section-height-min-height elementor-section-height-default elementor-section-items-middle\" data-id=\"c35d96c\" data-element_type=\"section\" data-e-type=\"section\">\n\t\t\t\t\t\t<div class=\"elementor-container elementor-column-gap-default\">\n\t\t\t\t\t<div class=\"elementor-column elementor-col-50 elementor-top-column elementor-element elementor-element-1319528\" data-id=\"1319528\" data-element_type=\"column\" data-e-type=\"column\">\n\t\t\t<div class=\"elementor-widget-wrap elementor-element-populated\">\n\t\t\t\t\t\t<div class=\"elementor-element elementor-element-8bfd64b elementor-widget elementor-widget-heading\" data-id=\"8bfd64b\" data-element_type=\"widget\" data-e-type=\"widget\" data-widget_type=\"heading.default\">\n\t\t\t\t<div class=\"elementor-widget-container\">\n\t\t\t\t\t<h2 class=\"elementor-heading-title elementor-size-default\">Itin\u00e9raire vers notre bureau \/ parking \u00e0 l'a\u00e9roport d'H\u00e9raklion<\/h2>\t\t\t\t<\/div>\n\t\t\t\t<\/div>\n\t\t\t\t<div class=\"elementor-element elementor-element-892be7c elementor-widget elementor-widget-google_maps\" data-id=\"892be7c\" data-element_type=\"widget\" data-e-type=\"widget\" data-widget_type=\"google_maps.default\">\n\t\t\t\t<div class=\"elementor-widget-container\">\n\t\t\t\t\t\t\t<div class=\"elementor-custom-embed\">\n\t\t\t<iframe loading=\"lazy\"\n\t\t\t\t\tsrc=\"https:\/\/maps.google.com\/maps?q=%CE%94%CE%B7%CE%BC%CE%BF%CF%84%CE%B9%CE%BA%CF%8C%CE%BD%20%CE%A0%CE%AC%CF%81%CE%BA%CE%B9%CE%BD%CE%B3%CE%BA%20-%20Municipal%20Car%20parking&#038;t=m&#038;z=13&#038;output=embed&#038;iwloc=near\"\n\t\t\t\t\ttitle=\"\u0394\u03b7\u03bc\u03bf\u03c4\u03b9\u03ba\u03cc\u03bd \u03a0\u03ac\u03c1\u03ba\u03b9\u03bd\u03b3\u03ba - Municipal Car parking\"\n\t\t\t\t\taria-label=\"\u0394\u03b7\u03bc\u03bf\u03c4\u03b9\u03ba\u03cc\u03bd \u03a0\u03ac\u03c1\u03ba\u03b9\u03bd\u03b3\u03ba - Municipal Car parking\"\n\t\t\t><\/iframe>\n\t\t<\/div>\n\t\t\t\t\t\t<\/div>\n\t\t\t\t<\/div>\n\t\t\t\t\t<\/div>\n\t\t<\/div>\n\t\t\t\t<div class=\"elementor-column elementor-col-50 elementor-top-column elementor-element elementor-element-d689654\" data-id=\"d689654\" data-element_type=\"column\" data-e-type=\"column\">\n\t\t\t<div class=\"elementor-widget-wrap elementor-element-populated\">\n\t\t\t\t\t\t<div class=\"elementor-element elementor-element-ed4fc8f elementor-widget elementor-widget-heading\" data-id=\"ed4fc8f\" data-element_type=\"widget\" data-e-type=\"widget\" data-widget_type=\"heading.default\">\n\t\t\t\t<div class=\"elementor-widget-container\">\n\t\t\t\t\t<h2 class=\"elementor-heading-title elementor-size-default\">Comment trouver notre bureau \/ parking \u00e0 l'a\u00e9roport d'H\u00e9raklion. Regarder la vid\u00e9o:<\/h2>\t\t\t\t<\/div>\n\t\t\t\t<\/div>\n\t\t\t\t<div class=\"elementor-element elementor-element-863373c premium-video__glow-none elementor-widget elementor-widget-premium-addon-video-box\" data-id=\"863373c\" data-element_type=\"widget\" data-e-type=\"widget\" data-settings=\"{&quot;premium_video_box_video_type&quot;:&quot;youtube&quot;,&quot;aspect_ratio&quot;:&quot;169&quot;}\" data-widget_type=\"premium-addon-video-box.default\">\n\t\t\t\t<div class=\"elementor-widget-container\">\n\t\t\t\t\t\n\n\t\t\n\t\t\t\t\t<div id=\"premium-video-box-container-863373c\" class=\"premium-video-box-container\" data-overlay=\"true\" data-type=\"youtube\" data-thumbnail=\"\" data-hover=\"none\">\n\t\t\t\t<div  >\n\t\t\t\t\t\n\t\t\t\t\t<div class=\"premium-video-box-inner-wrap\" data-video-animation=\" animated-\" data-delay-animation=\"\">\n\t\t\t\t\t\t<div data-src=\"https:\/\/www.youtube.com\/embed\/-RJ9zivggIs?feature=oembed&amp;rel=0&amp;mute=0&amp;loop=0&amp;controls=1&amp;playsinline=0&amp;cc_load_policy=0\" class=\"premium-video-box-video-container\">\n\t\t\t\t\t\t\t\n\t\t\t\t\t\t\t\t\t\t\t\t\t<\/div>\n\t\t\t\t\t\t\t<div style=\"background-image:transparent\" class=\"premium-video-box-image-container none\"><\/div>\n\t\t\t\t\t\t\t\t\t\t\t\t\t\t\t\t\t\t\t\t\t\t\t\t\t\t\t\t\t\t\t<\/div>\n\n\t\t\t\t<\/div>\n\t\t\t<\/div>\n\t\t\n\t\t\t\t\t\t<\/div>\n\t\t\t\t<\/div>\n\t\t\t\t\t<\/div>\n\t\t<\/div>\n\t\t\t\t\t<\/div>\n\t\t<\/section>\n\t\t\t\t<section class=\"elementor-section elementor-top-section elementor-element elementor-element-c70eb25 elementor-section-boxed elementor-section-height-default elementor-section-height-default\" data-id=\"c70eb25\" data-element_type=\"section\" data-e-type=\"section\">\n\t\t\t\t\t\t<div class=\"elementor-container elementor-column-gap-default\">\n\t\t\t\t\t<div class=\"elementor-column elementor-col-100 elementor-top-column elementor-element elementor-element-fc9d254\" data-id=\"fc9d254\" data-element_type=\"column\" data-e-type=\"column\">\n\t\t\t<div class=\"elementor-widget-wrap elementor-element-populated\">\n\t\t\t\t\t\t<div class=\"elementor-element elementor-element-1167142 elementor-widget elementor-widget-accordion\" data-id=\"1167142\" data-element_type=\"widget\" data-e-type=\"widget\" data-widget_type=\"accordion.default\">\n\t\t\t\t<div class=\"elementor-widget-container\">\n\t\t\t\t\t\t\t<div class=\"elementor-accordion\">\n\t\t\t\t\t\t\t<div class=\"elementor-accordion-item\">\n\t\t\t\t\t<div id=\"elementor-tab-title-1821\" class=\"elementor-tab-title\" data-tab=\"1\" role=\"button\" aria-controls=\"elementor-tab-content-1821\" aria-expanded=\"false\">\n\t\t\t\t\t\t\t\t\t\t\t\t\t<span class=\"elementor-accordion-icon elementor-accordion-icon-left\" aria-hidden=\"true\">\n\t\t\t\t\t\t\t\t\t\t\t\t\t\t\t<span class=\"elementor-accordion-icon-closed\"><i class=\"fas fa-plus\"><\/i><\/span>\n\t\t\t\t\t\t\t\t<span class=\"elementor-accordion-icon-opened\"><i class=\"fas fa-minus\"><\/i><\/span>\n\t\t\t\t\t\t\t\t\t\t\t\t\t\t<\/span>\n\t\t\t\t\t\t\t\t\t\t\t\t<a class=\"elementor-accordion-title\" tabindex=\"0\">Usefull Information<\/a>\n\t\t\t\t\t<\/div>\n\t\t\t\t\t<div id=\"elementor-tab-content-1821\" class=\"elementor-tab-content elementor-clearfix\" data-tab=\"1\" role=\"region\" aria-labelledby=\"elementor-tab-title-1821\"><p>a. Section des op\u00e9rations a\u00e9roportuaires<br \/>T\u00e9l\u00e9phone :+30 2810-397132, +30 2810-397162<br \/>T\u00e9l\u00e9copie : +30 2810-397501<br \/>E-mail:kahkar@hcaa.gr<br \/>Chef de section Ch. Psarad\u00e1kis | N\u00b0 de t\u00e9l\u00e9phone :+30 2810-397117 | E-mail\u00a0: iraapn@otenet.gr<\/p><p>b. Section des services de la circulation a\u00e9rienne<br \/>Tour d&rsquo;a\u00e9rodrome | N\u00b0 de t\u00e9l\u00e9phone : +30 2810-397140 | T\u00e9l\u00e9copie : + 30 2810-245586<br \/>Contr\u00f4le d&rsquo;approche | T\u00e9l\u00e9phone : +30 2810-397174<br \/>Bureau de d\u00e9claration | T\u00e9l\u00e9phone : +30 2810-397143<br \/>Chef de section Emm. Manolakis | T\u00e9l\u00e9phone : +302810-397119 | E-mail:lgiratc@hcaa.gr<\/p><p>c. Section des t\u00e9l\u00e9communications<br \/>T\u00e9l\u00e9phone : +30 2810-397131, +30 2810-397148, 397896 Fax : +30 2810-221700<br \/>Courriel : d5st@hcaa.gr,<br \/>Suppl\u00e9ant Chef de section Psilomanousaki Eleni | T\u00e9l\u00e9phone : 2810 \u2013 397118, 397131 | T\u00e9l\u00e9copie :+30 2810-211700 |E-mail :d5st@hcaa.gr<\/p><p>r\u00e9. Section \u00e9lectronique<br \/>T\u00e9l\u00e9phone :+ 30 2810-397133<br \/>Chef de section Emm. Mecsis| T\u00e9l\u00e9phone : +30 2810 \u2013 397120 | E-mail:iraele@hcaa.gr<\/p><p>Section technique<br \/>T\u00e9l\u00e9phone : +30 2810 \u2013 397116<br \/>Chef de section Iakodos Ouranos<br \/>Courriel\u00a0:irats@hcaa.gr<\/p><p>F. Section administrative et financi\u00e8re<br \/>T\u00e9l\u00e9phone :+30 2810 \u2013 397194, + 30 2810 \u2013 397183<br \/>Secr\u00e9taire | T\u00e9l\u00e9phone :+30 2810 397114 | Courriel\u00a0: iraoik01@ypa.gr<br \/>Chef de section Kokkinou Iwanna | N\u00b0 de t\u00e9l\u00e9phone : + 30 2810 \u2013 397115 | T\u00e9l\u00e9copie : +30 2810 \u2013 397180 E-mail : iraoik02@ypa.gr<\/p><p>h. Bureau de la s\u00e9curit\u00e9 de l&rsquo;a\u00e9roport<br \/>N\u00b0 de t\u00e9l\u00e9phone\u00a0:+30 2810-397157 | T\u00e9l\u00e9copie : + 30 2810 \u2013 397506<br \/>Chef de Section I. Panoutsou | T\u00e9l\u00e9phone :+30 2810 \u2013 397121 | E-mail:iragas@hcaa.gr<\/p><\/div>\n\t\t\t\t<\/div>\n\t\t\t\t\t\t\t\t<\/div>\n\t\t\t\t\t\t<\/div>\n\t\t\t\t<\/div>\n\t\t\t\t\t<\/div>\n\t\t<\/div>\n\t\t\t\t\t<\/div>\n\t\t<\/section>\n\t\t\t\t<section class=\"elementor-section elementor-top-section elementor-element elementor-element-8b01560 elementor-section-height-min-height elementor-section-content-middle elementor-section-boxed elementor-section-height-default elementor-section-items-middle\" data-id=\"8b01560\" data-element_type=\"section\" data-e-type=\"section\" data-settings=\"{&quot;background_background&quot;:&quot;classic&quot;,&quot;background_motion_fx_motion_fx_scrolling&quot;:&quot;yes&quot;,&quot;background_motion_fx_translateY_effect&quot;:&quot;yes&quot;,&quot;background_motion_fx_translateY_speed&quot;:{&quot;unit&quot;:&quot;px&quot;,&quot;size&quot;:5,&quot;sizes&quot;:[]},&quot;background_motion_fx_scale_effect&quot;:&quot;yes&quot;,&quot;background_motion_fx_scale_direction&quot;:&quot;in-out&quot;,&quot;background_motion_fx_range&quot;:&quot;viewport&quot;,&quot;background_motion_fx_translateY_affectedRange&quot;:{&quot;unit&quot;:&quot;%&quot;,&quot;size&quot;:&quot;&quot;,&quot;sizes&quot;:{&quot;start&quot;:0,&quot;end&quot;:100}},&quot;background_motion_fx_scale_speed&quot;:{&quot;unit&quot;:&quot;px&quot;,&quot;size&quot;:4,&quot;sizes&quot;:[]},&quot;background_motion_fx_scale_range&quot;:{&quot;unit&quot;:&quot;%&quot;,&quot;size&quot;:&quot;&quot;,&quot;sizes&quot;:{&quot;start&quot;:20,&quot;end&quot;:80}},&quot;background_motion_fx_devices&quot;:[&quot;desktop&quot;,&quot;tablet&quot;,&quot;mobile&quot;]}\">\n\t\t\t\t\t\t<div class=\"elementor-container elementor-column-gap-default\">\n\t\t\t\t\t<div class=\"elementor-column elementor-col-100 elementor-top-column elementor-element elementor-element-97cb31b\" data-id=\"97cb31b\" data-element_type=\"column\" data-e-type=\"column\">\n\t\t\t<div class=\"elementor-widget-wrap elementor-element-populated\">\n\t\t\t\t\t\t\t<\/div>\n\t\t<\/div>\n\t\t\t\t\t<\/div>\n\t\t<\/section>\n\t\t\t\t<\/div>\n\t\t","protected":false},"excerpt":{"rendered":"<p>A\u00c9ROPORT Location voiture Heraklion a\u00e9roport Location voiture Heraklion a\u00e9roport avec Caravel Car Hire Crete A\u00e9roport d&rsquo;H\u00e9raklion Adresse : Parking Municipal, H\u00e9raklion, A\u00e9roport, 71601 T\u00e9l\u00e9phone : +30.2810.343732 Portable : +30.6937.200391 L&rsquo;a\u00e9roport international d&rsquo;H\u00e9raklion Nikos Kazantzakis est le principal a\u00e9roport de Cr\u00e8te. Il est situ\u00e9 \u00e0 environ 4 km \u00e0 l&rsquo;est de la ville d&rsquo;H\u00e9raklion, pr\u00e8s de [&hellip;]<\/p>\n","protected":false},"author":4,"featured_media":3937,"parent":0,"menu_order":0,"comment_status":"closed","ping_status":"closed","template":"","meta":{"footnotes":""},"class_list":["post-3166","page","type-page","status-publish","has-post-thumbnail","hentry"],"yoast_head":"<!-- This site is optimized with the Yoast SEO Premium plugin v22.7 (Yoast SEO v27.4) - https:\/\/yoast.com\/product\/yoast-seo-premium-wordpress\/ -->\n<title>Location voiture Heraklion a\u00e9roport \u2022 Location voiture Cr\u00e8te a\u00e9roport<\/title>\n<meta name=\"description\" content=\"Location voiture Heraklion a\u00e9roport \u2022 Location voiture Cr\u00e8te a\u00e9roport. L&#039;a\u00e9roport international d&#039;H\u00e9raklion Nikos Kazantzakis est le\" \/>\n<meta name=\"robots\" content=\"index, follow, max-snippet:-1, max-image-preview:large, max-video-preview:-1\" \/>\n<link rel=\"canonical\" href=\"https:\/\/caravel.gr\/fr\/aeroport-dheraklion\/\" \/>\n<meta property=\"og:locale\" content=\"fr_FR\" \/>\n<meta property=\"og:type\" content=\"article\" \/>\n<meta property=\"og:title\" content=\"A\u00e9roport d&#039;H\u00e9raklion\" \/>\n<meta property=\"og:description\" content=\"Location voiture Heraklion a\u00e9roport \u2022 Location voiture Cr\u00e8te a\u00e9roport. L&#039;a\u00e9roport international d&#039;H\u00e9raklion Nikos Kazantzakis est le\" \/>\n<meta property=\"og:url\" content=\"https:\/\/caravel.gr\/fr\/aeroport-dheraklion\/\" \/>\n<meta property=\"og:site_name\" content=\"Rent A Car Crete with Caravel\" \/>\n<meta property=\"article:modified_time\" content=\"2022-05-09T13:40:09+00:00\" \/>\n<meta property=\"og:image\" content=\"https:\/\/caravel.gr\/wp-content\/uploads\/2022\/05\/Heraklion_International_airport-1.jpg\" \/>\n\t<meta property=\"og:image:width\" content=\"1080\" \/>\n\t<meta property=\"og:image:height\" content=\"753\" \/>\n\t<meta property=\"og:image:type\" content=\"image\/jpeg\" \/>\n<meta name=\"twitter:card\" content=\"summary_large_image\" \/>\n<meta name=\"twitter:label1\" content=\"Dur\u00e9e de lecture estim\u00e9e\" \/>\n\t<meta name=\"twitter:data1\" content=\"2 minutes\" \/>\n<script type=\"application\/ld+json\" class=\"yoast-schema-graph\">{\"@context\":\"https:\\\/\\\/schema.org\",\"@graph\":[{\"@type\":\"WebPage\",\"@id\":\"https:\\\/\\\/caravel.gr\\\/fr\\\/aeroport-dheraklion\\\/\",\"url\":\"https:\\\/\\\/caravel.gr\\\/fr\\\/aeroport-dheraklion\\\/\",\"name\":\"Location voiture Heraklion a\u00e9roport \u2022 Location voiture Cr\u00e8te a\u00e9roport\",\"isPartOf\":{\"@id\":\"https:\\\/\\\/caravel.gr\\\/#website\"},\"primaryImageOfPage\":{\"@id\":\"https:\\\/\\\/caravel.gr\\\/fr\\\/aeroport-dheraklion\\\/#primaryimage\"},\"image\":{\"@id\":\"https:\\\/\\\/caravel.gr\\\/fr\\\/aeroport-dheraklion\\\/#primaryimage\"},\"thumbnailUrl\":\"https:\\\/\\\/caravel.gr\\\/wp-content\\\/uploads\\\/2022\\\/05\\\/Heraklion_International_airport-1.jpg\",\"datePublished\":\"2022-02-11T12:31:29+00:00\",\"dateModified\":\"2022-05-09T13:40:09+00:00\",\"description\":\"Location voiture Heraklion a\u00e9roport \u2022 Location voiture Cr\u00e8te a\u00e9roport. L'a\u00e9roport international d'H\u00e9raklion Nikos Kazantzakis est le\",\"breadcrumb\":{\"@id\":\"https:\\\/\\\/caravel.gr\\\/fr\\\/aeroport-dheraklion\\\/#breadcrumb\"},\"inLanguage\":\"fr-FR\",\"potentialAction\":[{\"@type\":\"ReadAction\",\"target\":[\"https:\\\/\\\/caravel.gr\\\/fr\\\/aeroport-dheraklion\\\/\"]}]},{\"@type\":\"ImageObject\",\"inLanguage\":\"fr-FR\",\"@id\":\"https:\\\/\\\/caravel.gr\\\/fr\\\/aeroport-dheraklion\\\/#primaryimage\",\"url\":\"https:\\\/\\\/caravel.gr\\\/wp-content\\\/uploads\\\/2022\\\/05\\\/Heraklion_International_airport-1.jpg\",\"contentUrl\":\"https:\\\/\\\/caravel.gr\\\/wp-content\\\/uploads\\\/2022\\\/05\\\/Heraklion_International_airport-1.jpg\",\"width\":1080,\"height\":753,\"caption\":\"Location voiture Heraklion a\u00e9roport \u2022 Location voiture Cr\u00e8te a\u00e9roport\"},{\"@type\":\"BreadcrumbList\",\"@id\":\"https:\\\/\\\/caravel.gr\\\/fr\\\/aeroport-dheraklion\\\/#breadcrumb\",\"itemListElement\":[{\"@type\":\"ListItem\",\"position\":1,\"name\":\"Home\",\"item\":\"https:\\\/\\\/caravel.gr\\\/\"},{\"@type\":\"ListItem\",\"position\":2,\"name\":\"A\u00e9roport d&#8217;H\u00e9raklion\"}]},{\"@type\":\"WebSite\",\"@id\":\"https:\\\/\\\/caravel.gr\\\/#website\",\"url\":\"https:\\\/\\\/caravel.gr\\\/\",\"name\":\"Rent A Car Crete with Caravel\",\"description\":\"Car Hire in Crete\",\"publisher\":{\"@id\":\"https:\\\/\\\/caravel.gr\\\/#organization\"},\"potentialAction\":[{\"@type\":\"SearchAction\",\"target\":{\"@type\":\"EntryPoint\",\"urlTemplate\":\"https:\\\/\\\/caravel.gr\\\/?s={search_term_string}\"},\"query-input\":{\"@type\":\"PropertyValueSpecification\",\"valueRequired\":true,\"valueName\":\"search_term_string\"}}],\"inLanguage\":\"fr-FR\"},{\"@type\":\"Organization\",\"@id\":\"https:\\\/\\\/caravel.gr\\\/#organization\",\"name\":\"Rent A Car Crete with Caravel\",\"url\":\"https:\\\/\\\/caravel.gr\\\/\",\"logo\":{\"@type\":\"ImageObject\",\"inLanguage\":\"fr-FR\",\"@id\":\"https:\\\/\\\/caravel.gr\\\/#\\\/schema\\\/logo\\\/image\\\/\",\"url\":\"https:\\\/\\\/caravel.gr\\\/wp-content\\\/uploads\\\/2022\\\/01\\\/caravel-logo_0_0.jpg\",\"contentUrl\":\"https:\\\/\\\/caravel.gr\\\/wp-content\\\/uploads\\\/2022\\\/01\\\/caravel-logo_0_0.jpg\",\"width\":210,\"height\":80,\"caption\":\"Rent A Car Crete with Caravel\"},\"image\":{\"@id\":\"https:\\\/\\\/caravel.gr\\\/#\\\/schema\\\/logo\\\/image\\\/\"}}]}<\/script>\n<!-- \/ Yoast SEO Premium plugin. -->","yoast_head_json":{"title":"Location voiture Heraklion a\u00e9roport \u2022 Location voiture Cr\u00e8te a\u00e9roport","description":"Location voiture Heraklion a\u00e9roport \u2022 Location voiture Cr\u00e8te a\u00e9roport. L'a\u00e9roport international d'H\u00e9raklion Nikos Kazantzakis est le","robots":{"index":"index","follow":"follow","max-snippet":"max-snippet:-1","max-image-preview":"max-image-preview:large","max-video-preview":"max-video-preview:-1"},"canonical":"https:\/\/caravel.gr\/fr\/aeroport-dheraklion\/","og_locale":"fr_FR","og_type":"article","og_title":"A\u00e9roport d'H\u00e9raklion","og_description":"Location voiture Heraklion a\u00e9roport \u2022 Location voiture Cr\u00e8te a\u00e9roport. L'a\u00e9roport international d'H\u00e9raklion Nikos Kazantzakis est le","og_url":"https:\/\/caravel.gr\/fr\/aeroport-dheraklion\/","og_site_name":"Rent A Car Crete with Caravel","article_modified_time":"2022-05-09T13:40:09+00:00","og_image":[{"width":1080,"height":753,"url":"https:\/\/caravel.gr\/wp-content\/uploads\/2022\/05\/Heraklion_International_airport-1.jpg","type":"image\/jpeg"}],"twitter_card":"summary_large_image","twitter_misc":{"Dur\u00e9e de lecture estim\u00e9e":"2 minutes"},"schema":{"@context":"https:\/\/schema.org","@graph":[{"@type":"WebPage","@id":"https:\/\/caravel.gr\/fr\/aeroport-dheraklion\/","url":"https:\/\/caravel.gr\/fr\/aeroport-dheraklion\/","name":"Location voiture Heraklion a\u00e9roport \u2022 Location voiture Cr\u00e8te a\u00e9roport","isPartOf":{"@id":"https:\/\/caravel.gr\/#website"},"primaryImageOfPage":{"@id":"https:\/\/caravel.gr\/fr\/aeroport-dheraklion\/#primaryimage"},"image":{"@id":"https:\/\/caravel.gr\/fr\/aeroport-dheraklion\/#primaryimage"},"thumbnailUrl":"https:\/\/caravel.gr\/wp-content\/uploads\/2022\/05\/Heraklion_International_airport-1.jpg","datePublished":"2022-02-11T12:31:29+00:00","dateModified":"2022-05-09T13:40:09+00:00","description":"Location voiture Heraklion a\u00e9roport \u2022 Location voiture Cr\u00e8te a\u00e9roport. L'a\u00e9roport international d'H\u00e9raklion Nikos Kazantzakis est le","breadcrumb":{"@id":"https:\/\/caravel.gr\/fr\/aeroport-dheraklion\/#breadcrumb"},"inLanguage":"fr-FR","potentialAction":[{"@type":"ReadAction","target":["https:\/\/caravel.gr\/fr\/aeroport-dheraklion\/"]}]},{"@type":"ImageObject","inLanguage":"fr-FR","@id":"https:\/\/caravel.gr\/fr\/aeroport-dheraklion\/#primaryimage","url":"https:\/\/caravel.gr\/wp-content\/uploads\/2022\/05\/Heraklion_International_airport-1.jpg","contentUrl":"https:\/\/caravel.gr\/wp-content\/uploads\/2022\/05\/Heraklion_International_airport-1.jpg","width":1080,"height":753,"caption":"Location voiture Heraklion a\u00e9roport \u2022 Location voiture Cr\u00e8te a\u00e9roport"},{"@type":"BreadcrumbList","@id":"https:\/\/caravel.gr\/fr\/aeroport-dheraklion\/#breadcrumb","itemListElement":[{"@type":"ListItem","position":1,"name":"Home","item":"https:\/\/caravel.gr\/"},{"@type":"ListItem","position":2,"name":"A\u00e9roport d&#8217;H\u00e9raklion"}]},{"@type":"WebSite","@id":"https:\/\/caravel.gr\/#website","url":"https:\/\/caravel.gr\/","name":"Rent A Car Crete with Caravel","description":"Car Hire in Crete","publisher":{"@id":"https:\/\/caravel.gr\/#organization"},"potentialAction":[{"@type":"SearchAction","target":{"@type":"EntryPoint","urlTemplate":"https:\/\/caravel.gr\/?s={search_term_string}"},"query-input":{"@type":"PropertyValueSpecification","valueRequired":true,"valueName":"search_term_string"}}],"inLanguage":"fr-FR"},{"@type":"Organization","@id":"https:\/\/caravel.gr\/#organization","name":"Rent A Car Crete with Caravel","url":"https:\/\/caravel.gr\/","logo":{"@type":"ImageObject","inLanguage":"fr-FR","@id":"https:\/\/caravel.gr\/#\/schema\/logo\/image\/","url":"https:\/\/caravel.gr\/wp-content\/uploads\/2022\/01\/caravel-logo_0_0.jpg","contentUrl":"https:\/\/caravel.gr\/wp-content\/uploads\/2022\/01\/caravel-logo_0_0.jpg","width":210,"height":80,"caption":"Rent A Car Crete with Caravel"},"image":{"@id":"https:\/\/caravel.gr\/#\/schema\/logo\/image\/"}}]}},"_links":{"self":[{"href":"https:\/\/caravel.gr\/fr\/wp-json\/wp\/v2\/pages\/3166","targetHints":{"allow":["GET"]}}],"collection":[{"href":"https:\/\/caravel.gr\/fr\/wp-json\/wp\/v2\/pages"}],"about":[{"href":"https:\/\/caravel.gr\/fr\/wp-json\/wp\/v2\/types\/page"}],"author":[{"embeddable":true,"href":"https:\/\/caravel.gr\/fr\/wp-json\/wp\/v2\/users\/4"}],"replies":[{"embeddable":true,"href":"https:\/\/caravel.gr\/fr\/wp-json\/wp\/v2\/comments?post=3166"}],"version-history":[{"count":17,"href":"https:\/\/caravel.gr\/fr\/wp-json\/wp\/v2\/pages\/3166\/revisions"}],"predecessor-version":[{"id":3956,"href":"https:\/\/caravel.gr\/fr\/wp-json\/wp\/v2\/pages\/3166\/revisions\/3956"}],"wp:featuredmedia":[{"embeddable":true,"href":"https:\/\/caravel.gr\/fr\/wp-json\/wp\/v2\/media\/3937"}],"wp:attachment":[{"href":"https:\/\/caravel.gr\/fr\/wp-json\/wp\/v2\/media?parent=3166"}],"curies":[{"name":"wp","href":"https:\/\/api.w.org\/{rel}","templated":true}]}}